{"id":1333,"date":"2023-12-05T16:22:21","date_gmt":"2023-12-05T15:22:21","guid":{"rendered":"https:\/\/staging.occitaniecombi.fr\/?page_id=1333"},"modified":"2024-04-17T15:25:56","modified_gmt":"2024-04-17T13:25:56","slug":"shooting-inspiration-mariage-avec-prestataires-de-laveyron","status":"publish","type":"page","link":"https:\/\/occitaniecombi.fr\/index.php\/shooting-inspiration-mariage-avec-prestataires-de-laveyron\/","title":{"rendered":"Shooting Mariage Cantaranne Privezac 12"},"content":{"rendered":"\n<p><\/p>\n\n\n\n<figure class=\"wp-block-image size-large\"><img loading=\"lazy\" decoding=\"async\" width=\"1024\" height=\"683\" src=\"https:\/\/staging.occitaniecombi.fr\/wp-content\/uploads\/2023\/12\/MGL3377-1024x683.jpg\" alt=\"\" class=\"wp-image-1340\" srcset=\"https:\/\/occitaniecombi.fr\/wp-content\/uploads\/2023\/12\/MGL3377-1024x683.jpg 1024w, https:\/\/occitaniecombi.fr\/wp-content\/uploads\/2023\/12\/MGL3377-300x200.jpg 300w, https:\/\/occitaniecombi.fr\/wp-content\/uploads\/2023\/12\/MGL3377-768x512.jpg 768w, https:\/\/occitaniecombi.fr\/wp-content\/uploads\/2023\/12\/MGL3377-1536x1024.jpg 1536w, https:\/\/occitaniecombi.fr\/wp-content\/uploads\/2023\/12\/MGL3377-2048x1365.jpg 2048w, https:\/\/occitaniecombi.fr\/wp-content\/uploads\/2023\/12\/MGL3377-1568x1045.jpg 1568w\" sizes=\"(max-width: 1024px) 100vw, 1024px\" \/><\/figure>\n\n\n\n<div class=\"wp-block-columns is-layout-flex wp-container-core-columns-is-layout-9d6595d7 wp-block-columns-is-layout-flex\">\n<div class=\"wp-block-column is-layout-flow wp-block-column-is-layout-flow\">\n<figure class=\"wp-block-image size-large\"><img loading=\"lazy\" decoding=\"async\" width=\"683\" height=\"1024\" src=\"https:\/\/staging.occitaniecombi.fr\/wp-content\/uploads\/2023\/12\/MGL3362-1-683x1024.jpg\" alt=\"location citroen 2cv mariange aveyron tarn lot\" class=\"wp-image-1341\" srcset=\"https:\/\/occitaniecombi.fr\/wp-content\/uploads\/2023\/12\/MGL3362-1-683x1024.jpg 683w, https:\/\/occitaniecombi.fr\/wp-content\/uploads\/2023\/12\/MGL3362-1-200x300.jpg 200w, https:\/\/occitaniecombi.fr\/wp-content\/uploads\/2023\/12\/MGL3362-1-768x1152.jpg 768w, https:\/\/occitaniecombi.fr\/wp-content\/uploads\/2023\/12\/MGL3362-1-1024x1536.jpg 1024w, https:\/\/occitaniecombi.fr\/wp-content\/uploads\/2023\/12\/MGL3362-1-1365x2048.jpg 1365w, https:\/\/occitaniecombi.fr\/wp-content\/uploads\/2023\/12\/MGL3362-1-1568x2352.jpg 1568w, https:\/\/occitaniecombi.fr\/wp-content\/uploads\/2023\/12\/MGL3362-1-scaled.jpg 1707w\" sizes=\"(max-width: 683px) 100vw, 683px\" \/><\/figure>\n<\/div>\n\n\n\n<div class=\"wp-block-column is-layout-flow wp-block-column-is-layout-flow\">\n<figure class=\"wp-block-image size-large\"><img loading=\"lazy\" decoding=\"async\" width=\"683\" height=\"1024\" src=\"https:\/\/staging.occitaniecombi.fr\/wp-content\/uploads\/2023\/12\/MGL3504-683x1024.jpg\" alt=\"location citroen 2cv mariange aveyron tarn lot\" class=\"wp-image-1344\" srcset=\"https:\/\/occitaniecombi.fr\/wp-content\/uploads\/2023\/12\/MGL3504-683x1024.jpg 683w, https:\/\/occitaniecombi.fr\/wp-content\/uploads\/2023\/12\/MGL3504-200x300.jpg 200w, https:\/\/occitaniecombi.fr\/wp-content\/uploads\/2023\/12\/MGL3504-768x1152.jpg 768w, https:\/\/occitaniecombi.fr\/wp-content\/uploads\/2023\/12\/MGL3504-1024x1536.jpg 1024w, https:\/\/occitaniecombi.fr\/wp-content\/uploads\/2023\/12\/MGL3504-scaled.jpg 1707w\" sizes=\"(max-width: 683px) 100vw, 683px\" \/><\/figure>\n<\/div>\n\n\n\n<div class=\"wp-block-column is-layout-flow wp-block-column-is-layout-flow\">\n<figure class=\"wp-block-image size-large\"><img loading=\"lazy\" decoding=\"async\" width=\"683\" height=\"1024\" src=\"https:\/\/staging.occitaniecombi.fr\/wp-content\/uploads\/2023\/12\/MGL3389-683x1024.jpg\" alt=\"location mobilier c\u00e9r\u00e9monie la\u00efque fauteuil Emmanuelle d\u00e9coration boh\u00e8me hippie chic\" class=\"wp-image-1343\" srcset=\"https:\/\/occitaniecombi.fr\/wp-content\/uploads\/2023\/12\/MGL3389-683x1024.jpg 683w, https:\/\/occitaniecombi.fr\/wp-content\/uploads\/2023\/12\/MGL3389-200x300.jpg 200w, https:\/\/occitaniecombi.fr\/wp-content\/uploads\/2023\/12\/MGL3389-768x1152.jpg 768w, https:\/\/occitaniecombi.fr\/wp-content\/uploads\/2023\/12\/MGL3389-1024x1536.jpg 1024w, https:\/\/occitaniecombi.fr\/wp-content\/uploads\/2023\/12\/MGL3389-scaled.jpg 1707w\" sizes=\"(max-width: 683px) 100vw, 683px\" \/><\/figure>\n<\/div>\n<\/div>\n\n\n\n<div class=\"wp-block-columns is-layout-flex wp-container-core-columns-is-layout-9d6595d7 wp-block-columns-is-layout-flex\">\n<div class=\"wp-block-column is-layout-flow wp-block-column-is-layout-flow\">\n<figure class=\"wp-block-image size-large\"><img loading=\"lazy\" decoding=\"async\" width=\"1024\" height=\"683\" src=\"https:\/\/staging.occitaniecombi.fr\/wp-content\/uploads\/2023\/12\/MGL3510-1-1024x683.jpg\" alt=\"location mobilier c\u00e9r\u00e9monie la\u00efque fauteuil Emmanuelle d\u00e9coration boh\u00e8me hippie chic\" class=\"wp-image-1345\" srcset=\"https:\/\/occitaniecombi.fr\/wp-content\/uploads\/2023\/12\/MGL3510-1-1024x683.jpg 1024w, https:\/\/occitaniecombi.fr\/wp-content\/uploads\/2023\/12\/MGL3510-1-300x200.jpg 300w, https:\/\/occitaniecombi.fr\/wp-content\/uploads\/2023\/12\/MGL3510-1-768x512.jpg 768w, https:\/\/occitaniecombi.fr\/wp-content\/uploads\/2023\/12\/MGL3510-1-1536x1024.jpg 1536w\" sizes=\"(max-width: 1024px) 100vw, 1024px\" \/><\/figure>\n<\/div>\n\n\n\n<div class=\"wp-block-column is-layout-flow wp-block-column-is-layout-flow\">\n<figure class=\"wp-block-image size-large\"><img loading=\"lazy\" decoding=\"async\" width=\"1024\" height=\"683\" src=\"https:\/\/staging.occitaniecombi.fr\/wp-content\/uploads\/2023\/12\/MGL3962-1024x683.jpg\" alt=\"location mobilier c\u00e9r\u00e9monie la\u00efque fauteuil Emmanuelle d\u00e9coration boh\u00e8me hippie chic\" class=\"wp-image-1346\" srcset=\"https:\/\/occitaniecombi.fr\/wp-content\/uploads\/2023\/12\/MGL3962-1024x683.jpg 1024w, https:\/\/occitaniecombi.fr\/wp-content\/uploads\/2023\/12\/MGL3962-300x200.jpg 300w, https:\/\/occitaniecombi.fr\/wp-content\/uploads\/2023\/12\/MGL3962-768x512.jpg 768w, https:\/\/occitaniecombi.fr\/wp-content\/uploads\/2023\/12\/MGL3962-1536x1024.jpg 1536w\" sizes=\"(max-width: 1024px) 100vw, 1024px\" \/><\/figure>\n<\/div>\n<\/div>\n\n\n\n<div class=\"wp-block-columns is-layout-flex wp-container-core-columns-is-layout-9d6595d7 wp-block-columns-is-layout-flex\">\n<div class=\"wp-block-column is-layout-flow wp-block-column-is-layout-flow\">\n<figure class=\"wp-block-image size-large\"><img loading=\"lazy\" decoding=\"async\" width=\"683\" height=\"1024\" src=\"https:\/\/staging.occitaniecombi.fr\/wp-content\/uploads\/2023\/12\/MGL3819-683x1024.jpg\" alt=\"location Citro\u00ebn 2cv mariage Aveyron tarn lot cantal Toulouse tarn et Garonne\" class=\"wp-image-1351\" srcset=\"https:\/\/occitaniecombi.fr\/wp-content\/uploads\/2023\/12\/MGL3819-683x1024.jpg 683w, https:\/\/occitaniecombi.fr\/wp-content\/uploads\/2023\/12\/MGL3819-200x300.jpg 200w, https:\/\/occitaniecombi.fr\/wp-content\/uploads\/2023\/12\/MGL3819-768x1152.jpg 768w, https:\/\/occitaniecombi.fr\/wp-content\/uploads\/2023\/12\/MGL3819-1024x1536.jpg 1024w, https:\/\/occitaniecombi.fr\/wp-content\/uploads\/2023\/12\/MGL3819-scaled.jpg 1707w\" sizes=\"(max-width: 683px) 100vw, 683px\" \/><\/figure>\n<\/div>\n\n\n\n<div class=\"wp-block-column is-layout-flow wp-block-column-is-layout-flow\">\n<figure class=\"wp-block-image size-large\"><img loading=\"lazy\" decoding=\"async\" width=\"683\" height=\"1024\" src=\"https:\/\/staging.occitaniecombi.fr\/wp-content\/uploads\/2023\/12\/MGL3986-683x1024.jpg\" alt=\"location combi vwt2 vintage mariage photobooth occitanie aveyron tarn lot toulouse sud de france\" class=\"wp-image-1353\" srcset=\"https:\/\/occitaniecombi.fr\/wp-content\/uploads\/2023\/12\/MGL3986-683x1024.jpg 683w, https:\/\/occitaniecombi.fr\/wp-content\/uploads\/2023\/12\/MGL3986-200x300.jpg 200w, https:\/\/occitaniecombi.fr\/wp-content\/uploads\/2023\/12\/MGL3986-768x1152.jpg 768w, https:\/\/occitaniecombi.fr\/wp-content\/uploads\/2023\/12\/MGL3986-1024x1536.jpg 1024w, https:\/\/occitaniecombi.fr\/wp-content\/uploads\/2023\/12\/MGL3986-1365x2048.jpg 1365w, https:\/\/occitaniecombi.fr\/wp-content\/uploads\/2023\/12\/MGL3986-1568x2352.jpg 1568w, https:\/\/occitaniecombi.fr\/wp-content\/uploads\/2023\/12\/MGL3986-scaled.jpg 1707w\" sizes=\"(max-width: 683px) 100vw, 683px\" \/><\/figure>\n<\/div>\n<\/div>\n\n\n\n<div class=\"wp-block-columns is-layout-flex wp-container-core-columns-is-layout-9d6595d7 wp-block-columns-is-layout-flex\">\n<div class=\"wp-block-column is-layout-flow wp-block-column-is-layout-flow\">\n<figure class=\"wp-block-image size-large\"><img loading=\"lazy\" decoding=\"async\" width=\"683\" height=\"1024\" src=\"https:\/\/staging.occitaniecombi.fr\/wp-content\/uploads\/2023\/12\/MGL3425-683x1024.jpg\" alt=\"location Citro\u00ebn 2cv mariage Aveyron tarn lot cantal Toulouse tarn et Garonne\" class=\"wp-image-1354\" srcset=\"https:\/\/occitaniecombi.fr\/wp-content\/uploads\/2023\/12\/MGL3425-683x1024.jpg 683w, https:\/\/occitaniecombi.fr\/wp-content\/uploads\/2023\/12\/MGL3425-200x300.jpg 200w, https:\/\/occitaniecombi.fr\/wp-content\/uploads\/2023\/12\/MGL3425-768x1152.jpg 768w, https:\/\/occitaniecombi.fr\/wp-content\/uploads\/2023\/12\/MGL3425-1024x1536.jpg 1024w, https:\/\/occitaniecombi.fr\/wp-content\/uploads\/2023\/12\/MGL3425-1365x2048.jpg 1365w, https:\/\/occitaniecombi.fr\/wp-content\/uploads\/2023\/12\/MGL3425-1568x2352.jpg 1568w, https:\/\/occitaniecombi.fr\/wp-content\/uploads\/2023\/12\/MGL3425-scaled.jpg 1707w\" sizes=\"(max-width: 683px) 100vw, 683px\" \/><\/figure>\n<\/div>\n\n\n\n<div class=\"wp-block-column is-layout-flow wp-block-column-is-layout-flow\">\n<figure class=\"wp-block-image size-large\"><img loading=\"lazy\" decoding=\"async\" width=\"683\" height=\"1024\" src=\"https:\/\/staging.occitaniecombi.fr\/wp-content\/uploads\/2023\/12\/MGL4131-683x1024.jpg\" alt=\"location Citro\u00ebn 2cv mariage Aveyron tarn lot cantal Toulouse tarn et Garonne\" class=\"wp-image-1357\" srcset=\"https:\/\/occitaniecombi.fr\/wp-content\/uploads\/2023\/12\/MGL4131-683x1024.jpg 683w, https:\/\/occitaniecombi.fr\/wp-content\/uploads\/2023\/12\/MGL4131-200x300.jpg 200w, https:\/\/occitaniecombi.fr\/wp-content\/uploads\/2023\/12\/MGL4131-768x1152.jpg 768w, https:\/\/occitaniecombi.fr\/wp-content\/uploads\/2023\/12\/MGL4131-1024x1536.jpg 1024w, https:\/\/occitaniecombi.fr\/wp-content\/uploads\/2023\/12\/MGL4131-1365x2048.jpg 1365w, https:\/\/occitaniecombi.fr\/wp-content\/uploads\/2023\/12\/MGL4131-1568x2352.jpg 1568w, https:\/\/occitaniecombi.fr\/wp-content\/uploads\/2023\/12\/MGL4131-scaled.jpg 1707w\" sizes=\"(max-width: 683px) 100vw, 683px\" \/><\/figure>\n<\/div>\n\n\n\n<div class=\"wp-block-column is-layout-flow wp-block-column-is-layout-flow\">\n<figure class=\"wp-block-image size-large\"><img loading=\"lazy\" decoding=\"async\" width=\"683\" height=\"1024\" src=\"https:\/\/staging.occitaniecombi.fr\/wp-content\/uploads\/2023\/12\/MGL4125-683x1024.jpg\" alt=\"location Citro\u00ebn 2cv mariage Aveyron tarn lot cantal Toulouse tarn et Garonne\" class=\"wp-image-1358\" srcset=\"https:\/\/occitaniecombi.fr\/wp-content\/uploads\/2023\/12\/MGL4125-683x1024.jpg 683w, https:\/\/occitaniecombi.fr\/wp-content\/uploads\/2023\/12\/MGL4125-200x300.jpg 200w, https:\/\/occitaniecombi.fr\/wp-content\/uploads\/2023\/12\/MGL4125-768x1152.jpg 768w, https:\/\/occitaniecombi.fr\/wp-content\/uploads\/2023\/12\/MGL4125-1024x1536.jpg 1024w, https:\/\/occitaniecombi.fr\/wp-content\/uploads\/2023\/12\/MGL4125-1365x2048.jpg 1365w, https:\/\/occitaniecombi.fr\/wp-content\/uploads\/2023\/12\/MGL4125-1568x2352.jpg 1568w, https:\/\/occitaniecombi.fr\/wp-content\/uploads\/2023\/12\/MGL4125-scaled.jpg 1707w\" sizes=\"(max-width: 683px) 100vw, 683px\" \/><\/figure>\n<\/div>\n<\/div>\n\n\n\n<div class=\"wp-block-columns is-layout-flex wp-container-core-columns-is-layout-9d6595d7 wp-block-columns-is-layout-flex\">\n<div class=\"wp-block-column is-layout-flow wp-block-column-is-layout-flow\">\n<figure class=\"wp-block-image size-large\"><img loading=\"lazy\" decoding=\"async\" width=\"683\" height=\"1024\" src=\"https:\/\/staging.occitaniecombi.fr\/wp-content\/uploads\/2023\/12\/MGL4043-683x1024.jpg\" alt=\"location combi vw t2 vintage mariage photobooth occitanie aveyron tarn lot toulouse sud de france\" class=\"wp-image-1356\" srcset=\"https:\/\/occitaniecombi.fr\/wp-content\/uploads\/2023\/12\/MGL4043-683x1024.jpg 683w, https:\/\/occitaniecombi.fr\/wp-content\/uploads\/2023\/12\/MGL4043-200x300.jpg 200w, https:\/\/occitaniecombi.fr\/wp-content\/uploads\/2023\/12\/MGL4043-768x1152.jpg 768w, https:\/\/occitaniecombi.fr\/wp-content\/uploads\/2023\/12\/MGL4043-1024x1536.jpg 1024w, https:\/\/occitaniecombi.fr\/wp-content\/uploads\/2023\/12\/MGL4043-1365x2048.jpg 1365w, https:\/\/occitaniecombi.fr\/wp-content\/uploads\/2023\/12\/MGL4043-1568x2352.jpg 1568w, https:\/\/occitaniecombi.fr\/wp-content\/uploads\/2023\/12\/MGL4043-scaled.jpg 1707w\" sizes=\"(max-width: 683px) 100vw, 683px\" \/><\/figure>\n<\/div>\n\n\n\n<div class=\"wp-block-column is-layout-flow wp-block-column-is-layout-flow\">\n<figure class=\"wp-block-image size-large\"><img loading=\"lazy\" decoding=\"async\" width=\"683\" height=\"1024\" src=\"https:\/\/staging.occitaniecombi.fr\/wp-content\/uploads\/2023\/12\/MGL4321-683x1024.jpg\" alt=\"location combi vw t2 vintage mariage photobooth occitanie aveyron tarn lot toulouse sud de france\" class=\"wp-image-1362\" srcset=\"https:\/\/occitaniecombi.fr\/wp-content\/uploads\/2023\/12\/MGL4321-683x1024.jpg 683w, https:\/\/occitaniecombi.fr\/wp-content\/uploads\/2023\/12\/MGL4321-200x300.jpg 200w, https:\/\/occitaniecombi.fr\/wp-content\/uploads\/2023\/12\/MGL4321-768x1152.jpg 768w, https:\/\/occitaniecombi.fr\/wp-content\/uploads\/2023\/12\/MGL4321-1024x1536.jpg 1024w, https:\/\/occitaniecombi.fr\/wp-content\/uploads\/2023\/12\/MGL4321-scaled.jpg 1707w\" sizes=\"(max-width: 683px) 100vw, 683px\" \/><\/figure>\n<\/div>\n\n\n\n<div class=\"wp-block-column is-layout-flow wp-block-column-is-layout-flow\">\n<figure class=\"wp-block-image size-large\"><img loading=\"lazy\" decoding=\"async\" width=\"683\" height=\"1024\" src=\"https:\/\/staging.occitaniecombi.fr\/wp-content\/uploads\/2023\/12\/MGL4236-683x1024.jpg\" alt=\"location combi vw t2 vintage mariage photobooth occitanie aveyron tarn lot toulouse sud de france\" class=\"wp-image-1361\" srcset=\"https:\/\/occitaniecombi.fr\/wp-content\/uploads\/2023\/12\/MGL4236-683x1024.jpg 683w, https:\/\/occitaniecombi.fr\/wp-content\/uploads\/2023\/12\/MGL4236-200x300.jpg 200w, https:\/\/occitaniecombi.fr\/wp-content\/uploads\/2023\/12\/MGL4236-768x1152.jpg 768w, https:\/\/occitaniecombi.fr\/wp-content\/uploads\/2023\/12\/MGL4236-1024x1536.jpg 1024w, https:\/\/occitaniecombi.fr\/wp-content\/uploads\/2023\/12\/MGL4236-1365x2048.jpg 1365w, https:\/\/occitaniecombi.fr\/wp-content\/uploads\/2023\/12\/MGL4236-1568x2352.jpg 1568w, https:\/\/occitaniecombi.fr\/wp-content\/uploads\/2023\/12\/MGL4236-scaled.jpg 1707w\" sizes=\"(max-width: 683px) 100vw, 683px\" \/><\/figure>\n<\/div>\n<\/div>\n\n\n\n<figure class=\"wp-block-image size-large\"><img loading=\"lazy\" decoding=\"async\" width=\"1024\" height=\"683\" src=\"https:\/\/staging.occitaniecombi.fr\/wp-content\/uploads\/2023\/12\/MGL4008-1-1024x683.jpg\" alt=\"location combi vw t2 vintage mariage photobooth occitanie aveyron tarn lot toulouse sud de france\" class=\"wp-image-1355\" srcset=\"https:\/\/occitaniecombi.fr\/wp-content\/uploads\/2023\/12\/MGL4008-1-1024x683.jpg 1024w, https:\/\/occitaniecombi.fr\/wp-content\/uploads\/2023\/12\/MGL4008-1-300x200.jpg 300w, https:\/\/occitaniecombi.fr\/wp-content\/uploads\/2023\/12\/MGL4008-1-768x512.jpg 768w, https:\/\/occitaniecombi.fr\/wp-content\/uploads\/2023\/12\/MGL4008-1-1536x1024.jpg 1536w, https:\/\/occitaniecombi.fr\/wp-content\/uploads\/2023\/12\/MGL4008-1-2048x1365.jpg 2048w, https:\/\/occitaniecombi.fr\/wp-content\/uploads\/2023\/12\/MGL4008-1-1568x1045.jpg 1568w\" sizes=\"(max-width: 1024px) 100vw, 1024px\" \/><\/figure>\n\n\n\n<hr class=\"wp-block-separator has-css-opacity is-style-twentytwentyone-separator-thick\"\/>\n\n\n\n<div class=\"wp-block-columns is-layout-flex wp-container-core-columns-is-layout-9d6595d7 wp-block-columns-is-layout-flex\">\n<div class=\"wp-block-column is-vertically-aligned-center is-layout-flow wp-block-column-is-layout-flow\" style=\"flex-basis:80%\">\n<p class=\"has-extra-large-font-size\"><em>Photographe Vid\u00e9aste :<\/em> <strong>Alexandre et Capucine<\/strong><\/p>\n\n\n\n<p><a href=\"https:\/\/www.alexcapucinestudio.com\/\">https:\/\/www.alexcapucinestudio.com\/<\/a><\/p>\n<\/div>\n\n\n\n<div class=\"wp-block-column is-vertically-aligned-center is-layout-flow wp-block-column-is-layout-flow\"><\/div>\n<\/div>\n\n\n\n<hr class=\"wp-block-separator has-css-opacity is-style-default\"\/>\n\n\n\n<div class=\"wp-block-columns is-layout-flex wp-container-core-columns-is-layout-9d6595d7 wp-block-columns-is-layout-flex\">\n<div class=\"wp-block-column is-vertically-aligned-center is-layout-flow wp-block-column-is-layout-flow\" style=\"flex-basis:80%\">\n<p class=\"has-extra-large-font-size\"><em>Domaine de r\u00e9ception :<\/em><\/p>\n\n\n\n<p>Domaine de Cantaranne  <a href=\"https:\/\/fr.cantaranne.com\/\">https:\/\/fr.cantaranne.com\/<\/a><\/p>\n\n\n\n<p><\/p>\n<\/div>\n\n\n\n<div class=\"wp-block-column is-vertically-aligned-center is-layout-flow wp-block-column-is-layout-flow\"><\/div>\n<\/div>\n\n\n\n<hr class=\"wp-block-separator has-css-opacity is-style-default\"\/>\n\n\n\n<div class=\"wp-block-columns is-layout-flex wp-container-core-columns-is-layout-9d6595d7 wp-block-columns-is-layout-flex\">\n<div class=\"wp-block-column is-vertically-aligned-center is-layout-flow wp-block-column-is-layout-flow\" style=\"flex-basis:80%\">\n<p class=\"has-extra-large-font-size\">Robes et accessoires :<\/p>\n\n\n\n<p><a href=\"https:\/\/www.chrysalide-creation.fr\/\">Chrysalide Cr\u00e9ation<\/a>  https:\/\/www.chrysalide-creation.fr\/<\/p>\n<\/div>\n\n\n\n<div class=\"wp-block-column is-vertically-aligned-center is-layout-flow wp-block-column-is-layout-flow\"><\/div>\n<\/div>\n\n\n\n<hr class=\"wp-block-separator has-css-opacity is-style-default\"\/>\n\n\n\n<div class=\"wp-block-columns is-layout-flex wp-container-core-columns-is-layout-9d6595d7 wp-block-columns-is-layout-flex\">\n<div class=\"wp-block-column is-vertically-aligned-center is-layout-flow wp-block-column-is-layout-flow\" style=\"flex-basis:80%\">\n<p class=\"has-extra-large-font-size\">Coiffures :<\/p>\n\n\n\n<p><a href=\"https:\/\/moncoiffeurvegetal.fr\/\">Mon coiffeur V\u00e9g\u00e9tal <\/a>   https:\/\/moncoiffeurvegetal.fr\/<\/p>\n<\/div>\n\n\n\n<div class=\"wp-block-column is-vertically-aligned-center is-layout-flow wp-block-column-is-layout-flow\"><\/div>\n<\/div>\n\n\n\n<hr class=\"wp-block-separator has-css-opacity is-style-default\"\/>\n\n\n\n<div class=\"wp-block-columns is-layout-flex wp-container-core-columns-is-layout-9d6595d7 wp-block-columns-is-layout-flex\">\n<div class=\"wp-block-column is-vertically-aligned-center is-layout-flow wp-block-column-is-layout-flow\" style=\"flex-basis:80%\">\n<p class=\"has-extra-large-font-size\">Maquillage :<\/p>\n\n\n\n<p>Debozinstant  <a href=\"https:\/\/www.instagram.com\/debozinstants\/\">https:\/\/www.instagram.com\/debozinstants\/<\/a><\/p>\n<\/div>\n\n\n\n<div class=\"wp-block-column is-vertically-aligned-center is-layout-flow wp-block-column-is-layout-flow\"><\/div>\n<\/div>\n\n\n\n<div class=\"wp-block-columns is-layout-flex wp-container-core-columns-is-layout-9d6595d7 wp-block-columns-is-layout-flex\">\n<div class=\"wp-block-column is-vertically-aligned-center is-layout-flow wp-block-column-is-layout-flow\" style=\"flex-basis:80%\">\n<p class=\"has-extra-large-font-size\">Fleuriste :<\/p>\n\n\n\n<p>Fleurdesaison12 https:\/\/www.instagram.com\/fleursdesaison12\/<\/p>\n<\/div>\n\n\n\n<div class=\"wp-block-column is-vertically-aligned-center is-layout-flow wp-block-column-is-layout-flow\"><\/div>\n<\/div>\n\n\n\n<hr class=\"wp-block-separator has-css-opacity is-style-default\"\/>\n\n\n\n<div class=\"wp-block-columns is-layout-flex wp-container-core-columns-is-layout-9d6595d7 wp-block-columns-is-layout-flex\">\n<div class=\"wp-block-column is-vertically-aligned-center is-layout-flow wp-block-column-is-layout-flow\" style=\"flex-basis:80%\">\n<p class=\"has-extra-large-font-size\">Officiante de C\u00e9r\u00e9monie :<\/p>\n\n\n\n<p>Marieambrym  https:\/\/www.instagram.com\/marieambrym\/<\/p>\n<\/div>\n\n\n\n<div class=\"wp-block-column is-vertically-aligned-center is-layout-flow wp-block-column-is-layout-flow\"><\/div>\n<\/div>\n\n\n\n<hr class=\"wp-block-separator has-css-opacity is-style-twentytwentyone-separator-thick\"\/>\n\n\n\n<div class=\"wp-block-group is-nowrap is-layout-flex wp-container-core-group-is-layout-ad2f72ca wp-block-group-is-layout-flex\">\n<figure class=\"wp-block-image size-large is-resized is-style-twentytwentyone-border\"><a href=\"https:\/\/occitaniecombi.fr\/\"><img decoding=\"async\" src=\"https:\/\/occitaniecombi.fr\/wp-content\/uploads\/2024\/01\/bouton1v7-878x1024.png\" alt=\"\" class=\"wp-image-1979\" style=\"width:199px;height:auto\"\/><\/a><\/figure>\n\n\n\n<figure class=\"wp-block-image size-large is-resized is-style-twentytwentyone-border\"><a href=\"https:\/\/occitaniecombi.fr\/index.php\/location-van-combi-vw-tourisme-camping-sud-france-nord-occitanie-aveyron-lot-tarn-tarn-et-garonne\/\"><img decoding=\"async\" src=\"https:\/\/occitaniecombi.fr\/wp-content\/uploads\/2024\/01\/bouton2V5-887x1024.png\" alt=\"\" class=\"wp-image-1978\" style=\"width:205px;height:auto\"\/><\/a><\/figure>\n\n\n<div class=\"wp-block-image is-style-twentytwentyone-border\">\n<figure class=\"aligncenter size-large is-resized\"><a href=\"https:\/\/occitaniecombi.fr\/index.php\/formulaire-de-contact-et-calendrier-des-reservationen-ligne-mariage-tourisme\/\"><img decoding=\"async\" src=\"https:\/\/occitaniecombi.fr\/wp-content\/uploads\/2024\/01\/bouton3V5-1-878x1024.png\" alt=\"\" class=\"wp-image-1977\" style=\"width:205px;height:auto\"\/><\/a><\/figure>\n<\/div><\/div>\n","protected":false},"excerpt":{"rendered":"<p>Photographe Vid\u00e9aste : Alexandre et Capucine https:\/\/www.alexcapucinestudio.com\/ Domaine de r\u00e9ception : Domaine de Cantaranne https:\/\/fr.cantaranne.com\/ Robes et accessoires : Chrysalide Cr\u00e9ation https:\/\/www.chrysalide-creation.fr\/ Coiffures : Mon coiffeur V\u00e9g\u00e9tal https:\/\/moncoiffeurvegetal.fr\/ Maquillage : Debozinstant https:\/\/www.instagram.com\/debozinstants\/ Fleuriste : Fleurdesaison12 https:\/\/www.instagram.com\/fleursdesaison12\/ Officiante de C\u00e9r\u00e9monie : Marieambrym https:\/\/www.instagram.com\/marieambrym\/<\/p>\n","protected":false},"author":1,"featured_media":0,"parent":0,"menu_order":0,"comment_status":"closed","ping_status":"closed","template":"","meta":{"saved_in_kubio":false,"om_disable_all_campaigns":false,"_monsterinsights_skip_tracking":false,"_monsterinsights_sitenote_active":false,"_monsterinsights_sitenote_note":"","_monsterinsights_sitenote_category":0,"_uf_show_specific_survey":0,"_uf_disable_surveys":false,"footnotes":""},"class_list":["post-1333","page","type-page","status-publish","hentry"],"aioseo_notices":[],"kubio_ai_page_context":{"short_desc":"","purpose":"general"},"yoast_head":"<!-- This site is optimized with the Yoast SEO plugin v27.5 - https:\/\/yoast.com\/product\/yoast-seo-wordpress\/ -->\n<title>Shooting Mariage Cantaranne Privezac 12 - OCCITANIE COMBI<\/title>\n<meta name=\"description\" content=\"Shooting d&#039;inspiration Mariage au Domaine de Cantaranne dans l&#039;Aveyron avec tout notre r\u00e9seau de prestataires professionnels locaux .\" \/>\n<meta name=\"robots\" content=\"index, follow, max-snippet:-1, max-image-preview:large, max-video-preview:-1\" \/>\n<link rel=\"canonical\" href=\"https:\/\/occitaniecombi.fr\/index.php\/shooting-inspiration-mariage-avec-prestataires-de-laveyron\/\" \/>\n<meta property=\"og:locale\" content=\"fr_FR\" \/>\n<meta property=\"og:type\" content=\"article\" \/>\n<meta property=\"og:title\" content=\"Shooting Mariage Cantaranne Privezac 12 - OCCITANIE COMBI\" \/>\n<meta property=\"og:description\" content=\"Shooting d&#039;inspiration Mariage au Domaine de Cantaranne dans l&#039;Aveyron avec tout notre r\u00e9seau de prestataires professionnels locaux .\" \/>\n<meta property=\"og:url\" content=\"https:\/\/occitaniecombi.fr\/index.php\/shooting-inspiration-mariage-avec-prestataires-de-laveyron\/\" \/>\n<meta property=\"og:site_name\" content=\"OCCITANIE COMBI\" \/>\n<meta property=\"article:publisher\" content=\"https:\/\/www.facebook.com\/OccitanieCombi\" \/>\n<meta property=\"article:modified_time\" content=\"2024-04-17T13:25:56+00:00\" \/>\n<meta property=\"og:image\" content=\"https:\/\/staging.occitaniecombi.fr\/wp-content\/uploads\/2023\/12\/MGL3377-1024x683.jpg\" \/>\n<meta name=\"twitter:card\" content=\"summary_large_image\" \/>\n<meta name=\"twitter:label1\" content=\"Dur\u00e9e de lecture estim\u00e9e\" \/>\n\t<meta name=\"twitter:data1\" content=\"4 minutes\" \/>\n<script type=\"application\/ld+json\" class=\"yoast-schema-graph\">{\"@context\":\"https:\\\/\\\/schema.org\",\"@graph\":[{\"@type\":\"WebPage\",\"@id\":\"https:\\\/\\\/occitaniecombi.fr\\\/index.php\\\/shooting-inspiration-mariage-avec-prestataires-de-laveyron\\\/\",\"url\":\"https:\\\/\\\/occitaniecombi.fr\\\/index.php\\\/shooting-inspiration-mariage-avec-prestataires-de-laveyron\\\/\",\"name\":\"Shooting Mariage Cantaranne Privezac 12 - OCCITANIE COMBI\",\"isPartOf\":{\"@id\":\"https:\\\/\\\/occitaniecombi.fr\\\/#website\"},\"primaryImageOfPage\":{\"@id\":\"https:\\\/\\\/occitaniecombi.fr\\\/index.php\\\/shooting-inspiration-mariage-avec-prestataires-de-laveyron\\\/#primaryimage\"},\"image\":{\"@id\":\"https:\\\/\\\/occitaniecombi.fr\\\/index.php\\\/shooting-inspiration-mariage-avec-prestataires-de-laveyron\\\/#primaryimage\"},\"thumbnailUrl\":\"https:\\\/\\\/staging.occitaniecombi.fr\\\/wp-content\\\/uploads\\\/2023\\\/12\\\/MGL3377-1024x683.jpg\",\"datePublished\":\"2023-12-05T15:22:21+00:00\",\"dateModified\":\"2024-04-17T13:25:56+00:00\",\"description\":\"Shooting d'inspiration Mariage au Domaine de Cantaranne dans l'Aveyron avec tout notre r\u00e9seau de prestataires professionnels locaux .\",\"breadcrumb\":{\"@id\":\"https:\\\/\\\/occitaniecombi.fr\\\/index.php\\\/shooting-inspiration-mariage-avec-prestataires-de-laveyron\\\/#breadcrumb\"},\"inLanguage\":\"fr-FR\",\"potentialAction\":[{\"@type\":\"ReadAction\",\"target\":[\"https:\\\/\\\/occitaniecombi.fr\\\/index.php\\\/shooting-inspiration-mariage-avec-prestataires-de-laveyron\\\/\"]}]},{\"@type\":\"ImageObject\",\"inLanguage\":\"fr-FR\",\"@id\":\"https:\\\/\\\/occitaniecombi.fr\\\/index.php\\\/shooting-inspiration-mariage-avec-prestataires-de-laveyron\\\/#primaryimage\",\"url\":\"https:\\\/\\\/staging.occitaniecombi.fr\\\/wp-content\\\/uploads\\\/2023\\\/12\\\/MGL3377-1024x683.jpg\",\"contentUrl\":\"https:\\\/\\\/staging.occitaniecombi.fr\\\/wp-content\\\/uploads\\\/2023\\\/12\\\/MGL3377-1024x683.jpg\"},{\"@type\":\"BreadcrumbList\",\"@id\":\"https:\\\/\\\/occitaniecombi.fr\\\/index.php\\\/shooting-inspiration-mariage-avec-prestataires-de-laveyron\\\/#breadcrumb\",\"itemListElement\":[{\"@type\":\"ListItem\",\"position\":1,\"name\":\"Occitanie Combi Location\",\"item\":\"https:\\\/\\\/occitaniecombi.fr\\\/\"},{\"@type\":\"ListItem\",\"position\":2,\"name\":\"Shooting Mariage Cantaranne Privezac 12\"}]},{\"@type\":\"WebSite\",\"@id\":\"https:\\\/\\\/occitaniecombi.fr\\\/#website\",\"url\":\"https:\\\/\\\/occitaniecombi.fr\\\/\",\"name\":\"Occitanie Combi\",\"description\":\"Location Ev\u00e8nementiel &amp; Mariage \",\"publisher\":{\"@id\":\"https:\\\/\\\/occitaniecombi.fr\\\/#organization\"},\"potentialAction\":[{\"@type\":\"SearchAction\",\"target\":{\"@type\":\"EntryPoint\",\"urlTemplate\":\"https:\\\/\\\/occitaniecombi.fr\\\/?s={search_term_string}\"},\"query-input\":{\"@type\":\"PropertyValueSpecification\",\"valueRequired\":true,\"valueName\":\"search_term_string\"}}],\"inLanguage\":\"fr-FR\"},{\"@type\":\"Organization\",\"@id\":\"https:\\\/\\\/occitaniecombi.fr\\\/#organization\",\"name\":\"Occitanie Combi\",\"url\":\"https:\\\/\\\/occitaniecombi.fr\\\/\",\"logo\":{\"@type\":\"ImageObject\",\"inLanguage\":\"fr-FR\",\"@id\":\"https:\\\/\\\/occitaniecombi.fr\\\/#\\\/schema\\\/logo\\\/image\\\/\",\"url\":\"https:\\\/\\\/occitaniecombi.fr\\\/wp-content\\\/uploads\\\/2024\\\/01\\\/logo-oc-BASE.png\",\"contentUrl\":\"https:\\\/\\\/occitaniecombi.fr\\\/wp-content\\\/uploads\\\/2024\\\/01\\\/logo-oc-BASE.png\",\"width\":1024,\"height\":768,\"caption\":\"Occitanie Combi\"},\"image\":{\"@id\":\"https:\\\/\\\/occitaniecombi.fr\\\/#\\\/schema\\\/logo\\\/image\\\/\"},\"sameAs\":[\"https:\\\/\\\/www.facebook.com\\\/OccitanieCombi\",\"https:\\\/\\\/www.instagram.com\\\/occitaniecombi\\\/\",\"https:\\\/\\\/www.mariages.net\\\/voiture-mariage\\\/occitanie-combi--e270663\"]}]}<\/script>\n<!-- \/ Yoast SEO plugin. -->","yoast_head_json":{"title":"Shooting Mariage Cantaranne Privezac 12 - OCCITANIE COMBI","description":"Shooting d'inspiration Mariage au Domaine de Cantaranne dans l'Aveyron avec tout notre r\u00e9seau de prestataires professionnels locaux .","robots":{"index":"index","follow":"follow","max-snippet":"max-snippet:-1","max-image-preview":"max-image-preview:large","max-video-preview":"max-video-preview:-1"},"canonical":"https:\/\/occitaniecombi.fr\/index.php\/shooting-inspiration-mariage-avec-prestataires-de-laveyron\/","og_locale":"fr_FR","og_type":"article","og_title":"Shooting Mariage Cantaranne Privezac 12 - OCCITANIE COMBI","og_description":"Shooting d'inspiration Mariage au Domaine de Cantaranne dans l'Aveyron avec tout notre r\u00e9seau de prestataires professionnels locaux .","og_url":"https:\/\/occitaniecombi.fr\/index.php\/shooting-inspiration-mariage-avec-prestataires-de-laveyron\/","og_site_name":"OCCITANIE COMBI","article_publisher":"https:\/\/www.facebook.com\/OccitanieCombi","article_modified_time":"2024-04-17T13:25:56+00:00","og_image":[{"url":"https:\/\/staging.occitaniecombi.fr\/wp-content\/uploads\/2023\/12\/MGL3377-1024x683.jpg","type":"","width":"","height":""}],"twitter_card":"summary_large_image","twitter_misc":{"Dur\u00e9e de lecture estim\u00e9e":"4 minutes"},"schema":{"@context":"https:\/\/schema.org","@graph":[{"@type":"WebPage","@id":"https:\/\/occitaniecombi.fr\/index.php\/shooting-inspiration-mariage-avec-prestataires-de-laveyron\/","url":"https:\/\/occitaniecombi.fr\/index.php\/shooting-inspiration-mariage-avec-prestataires-de-laveyron\/","name":"Shooting Mariage Cantaranne Privezac 12 - OCCITANIE COMBI","isPartOf":{"@id":"https:\/\/occitaniecombi.fr\/#website"},"primaryImageOfPage":{"@id":"https:\/\/occitaniecombi.fr\/index.php\/shooting-inspiration-mariage-avec-prestataires-de-laveyron\/#primaryimage"},"image":{"@id":"https:\/\/occitaniecombi.fr\/index.php\/shooting-inspiration-mariage-avec-prestataires-de-laveyron\/#primaryimage"},"thumbnailUrl":"https:\/\/staging.occitaniecombi.fr\/wp-content\/uploads\/2023\/12\/MGL3377-1024x683.jpg","datePublished":"2023-12-05T15:22:21+00:00","dateModified":"2024-04-17T13:25:56+00:00","description":"Shooting d'inspiration Mariage au Domaine de Cantaranne dans l'Aveyron avec tout notre r\u00e9seau de prestataires professionnels locaux .","breadcrumb":{"@id":"https:\/\/occitaniecombi.fr\/index.php\/shooting-inspiration-mariage-avec-prestataires-de-laveyron\/#breadcrumb"},"inLanguage":"fr-FR","potentialAction":[{"@type":"ReadAction","target":["https:\/\/occitaniecombi.fr\/index.php\/shooting-inspiration-mariage-avec-prestataires-de-laveyron\/"]}]},{"@type":"ImageObject","inLanguage":"fr-FR","@id":"https:\/\/occitaniecombi.fr\/index.php\/shooting-inspiration-mariage-avec-prestataires-de-laveyron\/#primaryimage","url":"https:\/\/staging.occitaniecombi.fr\/wp-content\/uploads\/2023\/12\/MGL3377-1024x683.jpg","contentUrl":"https:\/\/staging.occitaniecombi.fr\/wp-content\/uploads\/2023\/12\/MGL3377-1024x683.jpg"},{"@type":"BreadcrumbList","@id":"https:\/\/occitaniecombi.fr\/index.php\/shooting-inspiration-mariage-avec-prestataires-de-laveyron\/#breadcrumb","itemListElement":[{"@type":"ListItem","position":1,"name":"Occitanie Combi Location","item":"https:\/\/occitaniecombi.fr\/"},{"@type":"ListItem","position":2,"name":"Shooting Mariage Cantaranne Privezac 12"}]},{"@type":"WebSite","@id":"https:\/\/occitaniecombi.fr\/#website","url":"https:\/\/occitaniecombi.fr\/","name":"Occitanie Combi","description":"Location Ev\u00e8nementiel &amp; Mariage ","publisher":{"@id":"https:\/\/occitaniecombi.fr\/#organization"},"potentialAction":[{"@type":"SearchAction","target":{"@type":"EntryPoint","urlTemplate":"https:\/\/occitaniecombi.fr\/?s={search_term_string}"},"query-input":{"@type":"PropertyValueSpecification","valueRequired":true,"valueName":"search_term_string"}}],"inLanguage":"fr-FR"},{"@type":"Organization","@id":"https:\/\/occitaniecombi.fr\/#organization","name":"Occitanie Combi","url":"https:\/\/occitaniecombi.fr\/","logo":{"@type":"ImageObject","inLanguage":"fr-FR","@id":"https:\/\/occitaniecombi.fr\/#\/schema\/logo\/image\/","url":"https:\/\/occitaniecombi.fr\/wp-content\/uploads\/2024\/01\/logo-oc-BASE.png","contentUrl":"https:\/\/occitaniecombi.fr\/wp-content\/uploads\/2024\/01\/logo-oc-BASE.png","width":1024,"height":768,"caption":"Occitanie Combi"},"image":{"@id":"https:\/\/occitaniecombi.fr\/#\/schema\/logo\/image\/"},"sameAs":["https:\/\/www.facebook.com\/OccitanieCombi","https:\/\/www.instagram.com\/occitaniecombi\/","https:\/\/www.mariages.net\/voiture-mariage\/occitanie-combi--e270663"]}]}},"_links":{"self":[{"href":"https:\/\/occitaniecombi.fr\/index.php\/wp-json\/wp\/v2\/pages\/1333","targetHints":{"allow":["GET"]}}],"collection":[{"href":"https:\/\/occitaniecombi.fr\/index.php\/wp-json\/wp\/v2\/pages"}],"about":[{"href":"https:\/\/occitaniecombi.fr\/index.php\/wp-json\/wp\/v2\/types\/page"}],"author":[{"embeddable":true,"href":"https:\/\/occitaniecombi.fr\/index.php\/wp-json\/wp\/v2\/users\/1"}],"replies":[{"embeddable":true,"href":"https:\/\/occitaniecombi.fr\/index.php\/wp-json\/wp\/v2\/comments?post=1333"}],"version-history":[{"count":16,"href":"https:\/\/occitaniecombi.fr\/index.php\/wp-json\/wp\/v2\/pages\/1333\/revisions"}],"predecessor-version":[{"id":3142,"href":"https:\/\/occitaniecombi.fr\/index.php\/wp-json\/wp\/v2\/pages\/1333\/revisions\/3142"}],"wp:attachment":[{"href":"https:\/\/occitaniecombi.fr\/index.php\/wp-json\/wp\/v2\/media?parent=1333"}],"curies":[{"name":"wp","href":"https:\/\/api.w.org\/{rel}","templated":true}]}}