{"id":3444,"date":"2024-06-13T16:04:21","date_gmt":"2024-06-13T14:04:21","guid":{"rendered":"https:\/\/occitaniecombi.fr\/?page_id=3444"},"modified":"2026-03-28T20:21:15","modified_gmt":"2026-03-28T19:21:15","slug":"galerie-en-ligne-telechargez-ici-vos-photos-video-gif","status":"publish","type":"page","link":"https:\/\/occitaniecombi.fr\/index.php\/galerie-en-ligne-telechargez-ici-vos-photos-video-gif\/","title":{"rendered":"Galerie Photos"},"content":{"rendered":"\n\n\n\n\n\n\n\n\n\n\n\n\n\n\n<p class=\"has-kubio-color-5-color has-text-color has-link-color wp-elements-2fa3b72d942e6f3920ea85769784260e\" style=\"font-size:15px\"><strong>Choisissez votre \u00e9v\u00e8nement et entr\u00e9e dans la galerie en ligne \u00e0 l&rsquo;aide du mot de passe<\/strong> qui vous a \u00e9t\u00e9 communiqu\u00e9 par mail. Avec le lien du site et le mot de passe libre \u00e0 vous de partager l&rsquo;acc\u00e8s \u00e0 la galerie en ligne avec tout vos invit\u00e9s. Vous pourrez \u00e9galement t\u00e9l\u00e9charger vos photos et GiFs .<\/p>\n\n\n\n\n\n\n\n\n\n\n\n\n\n\n\n\n\n\n\n\n\n\n\n\n\n\n\n\n\n\n\n\n\n\n\n\n\n\n\n\n\n\n\n\n\n\n\n\n\n\n\n\n\n\n\n\n\n\n\n\n\n\n\n\n\n\n\n\n<div class=\"wp-block-image is-style-default\">\n<figure class=\"aligncenter size-full is-resized\"><a href=\"https:\/\/fotoshare.co\/e\/DkLKgu62jET-t6Je9OMS4\"><img loading=\"lazy\" decoding=\"async\" width=\"970\" height=\"651\" src=\"https:\/\/occitaniecombi.fr\/wp-content\/uploads\/2025\/04\/carnaval-des-nounous-2025.jpg\" alt=\"\" class=\"wp-image-4808\" style=\"width:592px;height:auto\" srcset=\"https:\/\/occitaniecombi.fr\/wp-content\/uploads\/2025\/04\/carnaval-des-nounous-2025.jpg 970w, https:\/\/occitaniecombi.fr\/wp-content\/uploads\/2025\/04\/carnaval-des-nounous-2025-300x201.jpg 300w, https:\/\/occitaniecombi.fr\/wp-content\/uploads\/2025\/04\/carnaval-des-nounous-2025-768x515.jpg 768w\" sizes=\"(max-width: 970px) 100vw, 970px\" \/><\/a><\/figure>\n<\/div>\n\n\n\n<div class=\"wp-block-image\">\n<figure class=\"aligncenter size-large is-resized\"><a href=\"https:\/\/fotoshare.co\/e\/_PN7qvQUXgNgnOzzrifhz\"><img loading=\"lazy\" decoding=\"async\" width=\"1024\" height=\"683\" src=\"https:\/\/occitaniecombi.fr\/wp-content\/uploads\/2024\/12\/20241215_015916_329-1-1024x683.jpg\" alt=\"\" class=\"wp-image-4567\" style=\"width:592px;height:auto\" srcset=\"https:\/\/occitaniecombi.fr\/wp-content\/uploads\/2024\/12\/20241215_015916_329-1-1024x683.jpg 1024w, https:\/\/occitaniecombi.fr\/wp-content\/uploads\/2024\/12\/20241215_015916_329-1-300x200.jpg 300w, https:\/\/occitaniecombi.fr\/wp-content\/uploads\/2024\/12\/20241215_015916_329-1-768x512.jpg 768w, https:\/\/occitaniecombi.fr\/wp-content\/uploads\/2024\/12\/20241215_015916_329-1-1536x1024.jpg 1536w, https:\/\/occitaniecombi.fr\/wp-content\/uploads\/2024\/12\/20241215_015916_329-1-1620x1080.jpg 1620w, https:\/\/occitaniecombi.fr\/wp-content\/uploads\/2024\/12\/20241215_015916_329-1.jpg 1800w\" sizes=\"(max-width: 1024px) 100vw, 1024px\" \/><\/a><\/figure>\n<\/div>\n\n\n\n<div class=\"wp-block-image\">\n<figure class=\"aligncenter size-large is-resized\"><a href=\"https:\/\/fotoshare.co\/e\/88BgMfyx0ctqgr1aSA8V9\"><img loading=\"lazy\" decoding=\"async\" width=\"683\" height=\"1024\" src=\"https:\/\/occitaniecombi.fr\/wp-content\/uploads\/2024\/12\/20241213_225644_872-4-683x1024.jpg\" alt=\"\" class=\"wp-image-4532\" style=\"width:302px;height:auto\" srcset=\"https:\/\/occitaniecombi.fr\/wp-content\/uploads\/2024\/12\/20241213_225644_872-4-683x1024.jpg 683w, https:\/\/occitaniecombi.fr\/wp-content\/uploads\/2024\/12\/20241213_225644_872-4-200x300.jpg 200w, https:\/\/occitaniecombi.fr\/wp-content\/uploads\/2024\/12\/20241213_225644_872-4-768x1152.jpg 768w, https:\/\/occitaniecombi.fr\/wp-content\/uploads\/2024\/12\/20241213_225644_872-4-1024x1536.jpg 1024w, https:\/\/occitaniecombi.fr\/wp-content\/uploads\/2024\/12\/20241213_225644_872-4-720x1080.jpg 720w, https:\/\/occitaniecombi.fr\/wp-content\/uploads\/2024\/12\/20241213_225644_872-4.jpg 1200w\" sizes=\"(max-width: 683px) 100vw, 683px\" \/><\/a><\/figure>\n<\/div>\n\n\n\n\n<h4 class=\"wp-block-heading has-text-align-center\"><mark style=\"background-color:rgba(0, 0, 0, 0);color:#683d1e\" class=\"has-inline-color\">Partagez et T\u00e9l\u00e9chargez vos photos <\/mark><\/h4>\n\n\n\n<div class=\"wp-block-columns is-layout-flex wp-container-core-columns-is-layout-9d6595d7 wp-block-columns-is-layout-flex\">\n<div class=\"wp-block-column is-layout-flow wp-block-column-is-layout-flow\">\n<figure class=\"wp-block-image size-large\"><a href=\"https:\/\/fotoshare.co\/e\/yxwEaB8VJUl1YJPCloLCx\"><img loading=\"lazy\" decoding=\"async\" width=\"1024\" height=\"683\" src=\"https:\/\/occitaniecombi.fr\/wp-content\/uploads\/2024\/10\/20241026_215505_607-3-1024x683.jpg\" alt=\"\" class=\"wp-image-4016\" srcset=\"https:\/\/occitaniecombi.fr\/wp-content\/uploads\/2024\/10\/20241026_215505_607-3-1024x683.jpg 1024w, https:\/\/occitaniecombi.fr\/wp-content\/uploads\/2024\/10\/20241026_215505_607-3-300x200.jpg 300w, https:\/\/occitaniecombi.fr\/wp-content\/uploads\/2024\/10\/20241026_215505_607-3-768x512.jpg 768w, https:\/\/occitaniecombi.fr\/wp-content\/uploads\/2024\/10\/20241026_215505_607-3-1536x1024.jpg 1536w, https:\/\/occitaniecombi.fr\/wp-content\/uploads\/2024\/10\/20241026_215505_607-3-1620x1080.jpg 1620w, https:\/\/occitaniecombi.fr\/wp-content\/uploads\/2024\/10\/20241026_215505_607-3.jpg 1800w\" sizes=\"(max-width: 1024px) 100vw, 1024px\" \/><\/a><\/figure>\n\n\n<\/div>\n\n\n\n<div class=\"wp-block-column is-vertically-aligned-stretch is-layout-flow wp-block-column-is-layout-flow\"><div class=\"wp-block-image\">\n<figure class=\"aligncenter size-large is-resized\"><img loading=\"lazy\" decoding=\"async\" width=\"341\" height=\"1024\" src=\"https:\/\/occitaniecombi.fr\/wp-content\/uploads\/2024\/10\/20241019_142639_092_1x-5-341x1024.jpg\" alt=\"\" class=\"wp-image-4017\" style=\"width:215px;height:auto\" srcset=\"https:\/\/occitaniecombi.fr\/wp-content\/uploads\/2024\/10\/20241019_142639_092_1x-5-341x1024.jpg 341w, https:\/\/occitaniecombi.fr\/wp-content\/uploads\/2024\/10\/20241019_142639_092_1x-5-100x300.jpg 100w, https:\/\/occitaniecombi.fr\/wp-content\/uploads\/2024\/10\/20241019_142639_092_1x-5-512x1536.jpg 512w, https:\/\/occitaniecombi.fr\/wp-content\/uploads\/2024\/10\/20241019_142639_092_1x-5-360x1080.jpg 360w, https:\/\/occitaniecombi.fr\/wp-content\/uploads\/2024\/10\/20241019_142639_092_1x-5.jpg 600w\" sizes=\"(max-width: 341px) 100vw, 341px\" \/><\/figure>\n<\/div>\n\n<\/div>\n<\/div>\n\n\n\n<div class=\"wp-block-columns is-layout-flex wp-container-core-columns-is-layout-9d6595d7 wp-block-columns-is-layout-flex\">\n<div class=\"wp-block-column is-layout-flow wp-block-column-is-layout-flow\"><div class=\"wp-block-image\">\n<figure class=\"aligncenter size-large is-resized\"><a href=\"https:\/\/fotoshare.co\/e\/YpQo_p2Ky-kmkNRNBGQZg\"><img loading=\"lazy\" decoding=\"async\" width=\"683\" height=\"1024\" src=\"https:\/\/occitaniecombi.fr\/wp-content\/uploads\/2024\/10\/20240928_213339_170-683x1024.jpg\" alt=\"\" class=\"wp-image-3998\" style=\"width:310px;height:auto\" srcset=\"https:\/\/occitaniecombi.fr\/wp-content\/uploads\/2024\/10\/20240928_213339_170-683x1024.jpg 683w, https:\/\/occitaniecombi.fr\/wp-content\/uploads\/2024\/10\/20240928_213339_170-200x300.jpg 200w, https:\/\/occitaniecombi.fr\/wp-content\/uploads\/2024\/10\/20240928_213339_170-768x1152.jpg 768w, https:\/\/occitaniecombi.fr\/wp-content\/uploads\/2024\/10\/20240928_213339_170-1024x1536.jpg 1024w, https:\/\/occitaniecombi.fr\/wp-content\/uploads\/2024\/10\/20240928_213339_170-720x1080.jpg 720w, https:\/\/occitaniecombi.fr\/wp-content\/uploads\/2024\/10\/20240928_213339_170.jpg 1200w\" sizes=\"(max-width: 683px) 100vw, 683px\" \/><\/a><figcaption class=\"wp-element-caption\"><strong><em><a href=\"https:\/\/fotoshare.co\/admin\/album\/5318509#\">Mariage Florence &amp; R\u00e9my 21.09.2<\/a><a href=\"https:\/\/fotoshare.co\/e\/GJyGFHfc9Rqv3-FUwCNtu\">0<\/a><a href=\"https:\/\/fotoshare.co\/admin\/album\/5318509#\">24<\/a><\/em><\/strong><\/figcaption><\/figure>\n<\/div><\/div>\n\n\n\n<div class=\"wp-block-column is-layout-flow wp-block-column-is-layout-flow\"><div class=\"wp-block-image wp-elements-aa50ad8e9782329a075189f07925784d\">\n<figure class=\"aligncenter size-large is-resized\" style=\"color:#f80c0c\"><a href=\"https:\/\/fotoshare.co\/e\/GJyGFHfc9Rqv3-FUwCNtu\"><img loading=\"lazy\" decoding=\"async\" width=\"341\" height=\"1024\" src=\"https:\/\/occitaniecombi.fr\/wp-content\/uploads\/2024\/09\/FLORENCE-REMY-21.09.24-341x1024.jpg\" alt=\"\" class=\"wp-image-3979\" style=\"width:158px;height:auto\" srcset=\"https:\/\/occitaniecombi.fr\/wp-content\/uploads\/2024\/09\/FLORENCE-REMY-21.09.24-341x1024.jpg 341w, https:\/\/occitaniecombi.fr\/wp-content\/uploads\/2024\/09\/FLORENCE-REMY-21.09.24-100x300.jpg 100w, https:\/\/occitaniecombi.fr\/wp-content\/uploads\/2024\/09\/FLORENCE-REMY-21.09.24-512x1536.jpg 512w, https:\/\/occitaniecombi.fr\/wp-content\/uploads\/2024\/09\/FLORENCE-REMY-21.09.24-360x1080.jpg 360w, https:\/\/occitaniecombi.fr\/wp-content\/uploads\/2024\/09\/FLORENCE-REMY-21.09.24.jpg 600w\" sizes=\"(max-width: 341px) 100vw, 341px\" \/><\/a><figcaption class=\"wp-element-caption\"><strong><em><a href=\"https:\/\/fotoshare.co\/admin\/album\/5318509#\">Mariage Florence &amp; R\u00e9my 21.09.2<\/a><a href=\"https:\/\/fotoshare.co\/e\/GJyGFHfc9Rqv3-FUwCNtu\">0<\/a><a href=\"https:\/\/fotoshare.co\/admin\/album\/5318509#\">24<\/a><\/em><\/strong><\/figcaption><\/figure>\n<\/div><\/div>\n<\/div>\n\n\n\n<div class=\"wp-block-columns is-layout-flex wp-container-core-columns-is-layout-9d6595d7 wp-block-columns-is-layout-flex\">\n<div class=\"wp-block-column is-layout-flow wp-block-column-is-layout-flow\"><div class=\"wp-block-image\">\n<figure class=\"aligncenter size-large is-resized\"><a href=\"https:\/\/fotoshare.co\/e\/1dUc4t58tc6877DYopuUI\"><img loading=\"lazy\" decoding=\"async\" width=\"341\" height=\"1024\" src=\"https:\/\/occitaniecombi.fr\/wp-content\/uploads\/2024\/09\/20240919_201828_919_1x-1-341x1024.jpg\" alt=\"\" class=\"wp-image-3955\" style=\"width:158px;height:auto\" srcset=\"https:\/\/occitaniecombi.fr\/wp-content\/uploads\/2024\/09\/20240919_201828_919_1x-1-341x1024.jpg 341w, https:\/\/occitaniecombi.fr\/wp-content\/uploads\/2024\/09\/20240919_201828_919_1x-1-100x300.jpg 100w, https:\/\/occitaniecombi.fr\/wp-content\/uploads\/2024\/09\/20240919_201828_919_1x-1-512x1536.jpg 512w, https:\/\/occitaniecombi.fr\/wp-content\/uploads\/2024\/09\/20240919_201828_919_1x-1.jpg 600w\" sizes=\"(max-width: 341px) 100vw, 341px\" \/><\/a><\/figure>\n<\/div>\n\n\n<h5 class=\"wp-block-heading has-text-align-center has-text-color has-link-color wp-elements-5669cae906ad2a22896da62df439985f\" style=\"color:#f80c0c\"><strong><em><a href=\"https:\/\/fotoshare.co\/e\/1dUc4t58tc6877DYopuUI\">Lancement Peugeot 5008 19.09.2024<\/a><\/em><\/strong><\/h5>\n<\/div>\n\n\n\n<div class=\"wp-block-column is-layout-flow wp-block-column-is-layout-flow\"><div class=\"wp-block-image\">\n<figure class=\"aligncenter size-large is-resized\"><a href=\"https:\/\/fotoshare.co\/e\/nN4zAA2VEfN8YYgTT5a88#\"><img loading=\"lazy\" decoding=\"async\" width=\"341\" height=\"1024\" src=\"https:\/\/occitaniecombi.fr\/wp-content\/uploads\/2024\/09\/MANON-CLEMENT-07.09.2024-341x1024.jpg\" alt=\"\" class=\"wp-image-3945\" style=\"width:158px;height:auto\" srcset=\"https:\/\/occitaniecombi.fr\/wp-content\/uploads\/2024\/09\/MANON-CLEMENT-07.09.2024-341x1024.jpg 341w, https:\/\/occitaniecombi.fr\/wp-content\/uploads\/2024\/09\/MANON-CLEMENT-07.09.2024-100x300.jpg 100w, https:\/\/occitaniecombi.fr\/wp-content\/uploads\/2024\/09\/MANON-CLEMENT-07.09.2024-512x1536.jpg 512w, https:\/\/occitaniecombi.fr\/wp-content\/uploads\/2024\/09\/MANON-CLEMENT-07.09.2024-360x1080.jpg 360w, https:\/\/occitaniecombi.fr\/wp-content\/uploads\/2024\/09\/MANON-CLEMENT-07.09.2024.jpg 600w\" sizes=\"(max-width: 341px) 100vw, 341px\" \/><\/a><\/figure>\n<\/div>\n\n\n<h5 class=\"wp-block-heading has-text-align-center has-text-color has-link-color wp-elements-14d121676053a4811248012cda8a9f5d\" style=\"color:#f80c0c\"><strong><em><a href=\"https:\/\/fotoshare.co\/e\/nN4zAA2VEfN8YYgTT5a88#\">Mariage Manon &amp; Cl\u00e9ment 07.09.2024<\/a><\/em><\/strong><\/h5>\n<\/div>\n<\/div>\n\n\n\n<div class=\"wp-block-columns is-layout-flex wp-container-core-columns-is-layout-9d6595d7 wp-block-columns-is-layout-flex\">\n<div class=\"wp-block-column is-layout-flow wp-block-column-is-layout-flow\"><div class=\"wp-block-image\">\n<figure class=\"aligncenter size-large is-resized\"><a href=\"https:\/\/fotoshare.co\/e\/ySN5vKzFY6QhUE-jxAICr\"><img loading=\"lazy\" decoding=\"async\" width=\"683\" height=\"1024\" src=\"https:\/\/occitaniecombi.fr\/wp-content\/uploads\/2024\/08\/20240815_202758_216-1-683x1024.jpg\" alt=\"\" class=\"wp-image-3926\" style=\"width:295px;height:auto\" srcset=\"https:\/\/occitaniecombi.fr\/wp-content\/uploads\/2024\/08\/20240815_202758_216-1-683x1024.jpg 683w, https:\/\/occitaniecombi.fr\/wp-content\/uploads\/2024\/08\/20240815_202758_216-1-200x300.jpg 200w, https:\/\/occitaniecombi.fr\/wp-content\/uploads\/2024\/08\/20240815_202758_216-1-768x1152.jpg 768w, https:\/\/occitaniecombi.fr\/wp-content\/uploads\/2024\/08\/20240815_202758_216-1-1024x1536.jpg 1024w, https:\/\/occitaniecombi.fr\/wp-content\/uploads\/2024\/08\/20240815_202758_216-1-720x1080.jpg 720w, https:\/\/occitaniecombi.fr\/wp-content\/uploads\/2024\/08\/20240815_202758_216-1.jpg 1200w\" sizes=\"(max-width: 683px) 100vw, 683px\" \/><\/a><\/figure>\n<\/div>\n\n\n<h5 class=\"wp-block-heading has-text-align-center\"><a href=\"https:\/\/fotoshare.co\/e\/ySN5vKzFY6QhUE-jxAICr\"><em>Nigel Birthday Party<\/em> 15.08.2024<\/a><\/h5>\n<\/div>\n\n\n\n<div class=\"wp-block-column is-layout-flow wp-block-column-is-layout-flow\">\n<div class=\"wp-block-group is-vertical is-content-justification-center is-nowrap is-layout-flex wp-container-core-group-is-layout-160a85a5 wp-block-group-is-layout-flex\"><div class=\"wp-block-image\">\n<figure class=\"aligncenter size-large is-resized\"><a href=\"https:\/\/fotoshare.co\/e\/4r2CfEssGfzJSCtx38c9m\"><img loading=\"lazy\" decoding=\"async\" width=\"341\" height=\"1024\" src=\"https:\/\/occitaniecombi.fr\/wp-content\/uploads\/2024\/07\/20240720_171732_633_1x-341x1024.jpg\" alt=\"\" class=\"wp-image-3888\" style=\"width:165px;height:auto\" srcset=\"https:\/\/occitaniecombi.fr\/wp-content\/uploads\/2024\/07\/20240720_171732_633_1x-341x1024.jpg 341w, https:\/\/occitaniecombi.fr\/wp-content\/uploads\/2024\/07\/20240720_171732_633_1x-100x300.jpg 100w, https:\/\/occitaniecombi.fr\/wp-content\/uploads\/2024\/07\/20240720_171732_633_1x-512x1536.jpg 512w, https:\/\/occitaniecombi.fr\/wp-content\/uploads\/2024\/07\/20240720_171732_633_1x-360x1080.jpg 360w, https:\/\/occitaniecombi.fr\/wp-content\/uploads\/2024\/07\/20240720_171732_633_1x.jpg 600w\" sizes=\"(max-width: 341px) 100vw, 341px\" \/><\/a><\/figure>\n<\/div>\n\n\n<h5 class=\"wp-block-heading has-text-align-center has-text-color has-link-color wp-elements-d1a8e508d292e1189244cfa093a52c1f\" style=\"color:#f80c0c\"><strong><em><a href=\"http:\/\/www.occitaniecombi.fr\" data-type=\"link\" data-id=\"http:\/\/www.occitaniecombi.fr\">Mariage Alicia &amp; Charly 20.07.2024<\/a><\/em><\/strong><\/h5>\n<\/div>\n<\/div>\n<\/div>\n\n\n\n<div class=\"wp-block-group\"><div class=\"wp-block-group__inner-container is-layout-constrained wp-block-group-is-layout-constrained\">\n<div class=\"wp-block-columns is-layout-flex wp-container-core-columns-is-layout-9d6595d7 wp-block-columns-is-layout-flex\">\n<div class=\"wp-block-column is-layout-flow wp-block-column-is-layout-flow\"><div class=\"wp-block-image\">\n<figure class=\"aligncenter size-large is-resized\"><img loading=\"lazy\" decoding=\"async\" width=\"341\" height=\"1024\" src=\"https:\/\/occitaniecombi.fr\/wp-content\/uploads\/2024\/07\/20240629_212426_497_1x-341x1024.jpg\" alt=\"\" class=\"wp-image-3695\" style=\"width:186px;height:auto\" srcset=\"https:\/\/occitaniecombi.fr\/wp-content\/uploads\/2024\/07\/20240629_212426_497_1x-341x1024.jpg 341w, https:\/\/occitaniecombi.fr\/wp-content\/uploads\/2024\/07\/20240629_212426_497_1x-100x300.jpg 100w, https:\/\/occitaniecombi.fr\/wp-content\/uploads\/2024\/07\/20240629_212426_497_1x-512x1536.jpg 512w, https:\/\/occitaniecombi.fr\/wp-content\/uploads\/2024\/07\/20240629_212426_497_1x.jpg 600w\" sizes=\"(max-width: 341px) 100vw, 341px\" \/><\/figure>\n<\/div>\n\n\n<h5 class=\"wp-block-heading has-text-align-center has-text-color has-link-color wp-elements-ff1a9ab93133148b1665a50f0aafa1ef\" style=\"color:#f30f0f\"><a href=\"http:\/\/www.occitaniecombi.fr\">Mariage Elsa &amp; Cl\u00e9ment 29.06.2024<\/a><\/h5>\n<\/div>\n\n\n\n<div class=\"wp-block-column is-layout-flow wp-block-column-is-layout-flow\"><div class=\"wp-block-image\">\n<figure class=\"aligncenter size-large is-resized\"><img loading=\"lazy\" decoding=\"async\" width=\"1024\" height=\"683\" src=\"https:\/\/occitaniecombi.fr\/wp-content\/uploads\/2024\/07\/20240623_131837_346-1024x683.jpg\" alt=\"\" class=\"wp-image-3702\" style=\"width:429px;height:auto\" srcset=\"https:\/\/occitaniecombi.fr\/wp-content\/uploads\/2024\/07\/20240623_131837_346-1024x683.jpg 1024w, https:\/\/occitaniecombi.fr\/wp-content\/uploads\/2024\/07\/20240623_131837_346-300x200.jpg 300w, https:\/\/occitaniecombi.fr\/wp-content\/uploads\/2024\/07\/20240623_131837_346-768x512.jpg 768w, https:\/\/occitaniecombi.fr\/wp-content\/uploads\/2024\/07\/20240623_131837_346-1536x1024.jpg 1536w, https:\/\/occitaniecombi.fr\/wp-content\/uploads\/2024\/07\/20240623_131837_346.jpg 1800w\" sizes=\"(max-width: 1024px) 100vw, 1024px\" \/><\/figure>\n<\/div>\n\n\n<h5 class=\"wp-block-heading has-text-align-center\"><a href=\"http:\/\/www.occitaniecombi.fr\" data-type=\"link\" data-id=\"http:\/\/www.occitaniecombi.fr\">Bapt\u00eame iloan 23.06.2024<\/a><\/h5>\n<\/div>\n<\/div>\n<\/div><\/div>\n\n\n\n<div class=\"wp-block-columns is-layout-flex wp-container-core-columns-is-layout-9d6595d7 wp-block-columns-is-layout-flex\">\n<div class=\"wp-block-column is-layout-flow wp-block-column-is-layout-flow\"><div class=\"wp-block-image\">\n<figure class=\"aligncenter size-large is-resized\"><a href=\"https:\/\/fotoshare.co\/e\/cVitsdIva14b9c78n4Lzw\"><img decoding=\"async\" src=\"https:\/\/occitaniecombi.fr\/wp-content\/uploads\/2024\/06\/15.06.24-mariage-Delphine-Tony-1024x692.jpg\" alt=\"MARIAGE LOT CHATEAU DU ROUSSILON\" class=\"wp-image-3554\" style=\"width:354px;height:auto\"\/><\/a><\/figure>\n<\/div>\n\n\n<h5 class=\"wp-block-heading has-text-align-center has-text-color has-link-color wp-elements-ed24646459bd02124ce0858687ad0747\" style=\"color:#f80f0f\"><a href=\"https:\/\/fotoshare.co\/e\/cVitsdIva14b9c78n4Lzw\">Mariage Delphine &amp; Tony 15.06.2024<\/a><\/h5>\n<\/div>\n\n\n\n<div class=\"wp-block-column is-layout-flow wp-block-column-is-layout-flow\"><div class=\"wp-block-image is-style-default\">\n<figure class=\"aligncenter size-large is-resized\"><a href=\"https:\/\/fotoshare.co\/e\/WWK_zzIrtUK0yEJKIf03r\"><img loading=\"lazy\" decoding=\"async\" width=\"1024\" height=\"683\" src=\"https:\/\/occitaniecombi.fr\/wp-content\/uploads\/2024\/06\/20240620_224638_997-1024x683.jpg\" alt=\"ANNIVERSAIRE DE 10 ANS API SOLUTION GALERIE LIVRE D OR VIDEO EN LIGNE\" class=\"wp-image-3587\" style=\"width:378px;height:auto\" srcset=\"https:\/\/occitaniecombi.fr\/wp-content\/uploads\/2024\/06\/20240620_224638_997-1024x683.jpg 1024w, https:\/\/occitaniecombi.fr\/wp-content\/uploads\/2024\/06\/20240620_224638_997-300x200.jpg 300w, https:\/\/occitaniecombi.fr\/wp-content\/uploads\/2024\/06\/20240620_224638_997-768x512.jpg 768w, https:\/\/occitaniecombi.fr\/wp-content\/uploads\/2024\/06\/20240620_224638_997-1536x1024.jpg 1536w, https:\/\/occitaniecombi.fr\/wp-content\/uploads\/2024\/06\/20240620_224638_997.jpg 1800w\" sizes=\"(max-width: 1024px) 100vw, 1024px\" \/><\/a><\/figure>\n<\/div>\n\n\n<h5 class=\"wp-block-heading has-text-align-center\"><a href=\"http:\/\/www.occitaniecombi.fr\">10ANS SOCIETE API SOLUTION 20.06.2024<\/a><\/h5>\n<\/div>\n<\/div>\n\n\n\n<div class=\"wp-block-columns is-layout-flex wp-container-core-columns-is-layout-9d6595d7 wp-block-columns-is-layout-flex\">\n<div class=\"wp-block-column is-layout-flow wp-block-column-is-layout-flow\"><div class=\"wp-block-image\">\n<figure class=\"aligncenter size-large is-resized\"><a href=\"https:\/\/fotoshare.co\/e\/oHFMvXoB9E07tQd5nbsh2\"><img loading=\"lazy\" decoding=\"async\" width=\"1024\" height=\"683\" src=\"https:\/\/occitaniecombi.fr\/wp-content\/uploads\/2024\/06\/VIRGINIE-YOHAN-11.05.24-1-1024x683.jpg\" alt=\"Mariage Aveyron domaine de Cantaranne\" class=\"wp-image-3459\" style=\"width:336px;height:auto\" srcset=\"https:\/\/occitaniecombi.fr\/wp-content\/uploads\/2024\/06\/VIRGINIE-YOHAN-11.05.24-1-1024x683.jpg 1024w, https:\/\/occitaniecombi.fr\/wp-content\/uploads\/2024\/06\/VIRGINIE-YOHAN-11.05.24-1-300x200.jpg 300w, https:\/\/occitaniecombi.fr\/wp-content\/uploads\/2024\/06\/VIRGINIE-YOHAN-11.05.24-1-768x512.jpg 768w, https:\/\/occitaniecombi.fr\/wp-content\/uploads\/2024\/06\/VIRGINIE-YOHAN-11.05.24-1-1536x1024.jpg 1536w, https:\/\/occitaniecombi.fr\/wp-content\/uploads\/2024\/06\/VIRGINIE-YOHAN-11.05.24-1.jpg 1800w\" sizes=\"(max-width: 1024px) 100vw, 1024px\" \/><\/a><\/figure>\n<\/div>\n\n\n<h5 class=\"wp-block-heading has-text-align-center has-text-color has-link-color wp-elements-7bca8b4465cbf31bd1a80dd6b6a6ce09\" style=\"color:#f41010\"><a href=\"https:\/\/fotoshare.co\/e\/oHFMvXoB9E07tQd5nbsh2\">Mariage Virginie &amp; Yohan 11.05.2024<\/a><\/h5>\n<\/div>\n\n\n\n<div class=\"wp-block-column is-layout-flow wp-block-column-is-layout-flow\"><div class=\"wp-block-image\">\n<figure class=\"aligncenter size-large is-resized\"><a href=\"https:\/\/fotoshare.co\/e\/o99C8bbpLIxnsWp8oaXsn\"><img loading=\"lazy\" decoding=\"async\" width=\"1024\" height=\"692\" src=\"https:\/\/occitaniecombi.fr\/wp-content\/uploads\/2024\/06\/AURELIE-CYRIL-08.06.24-1-1024x692.jpg\" alt=\"MARIAGE AVEYRON Domaine de L'Asenon\" class=\"wp-image-3461\" style=\"width:333px;height:auto\" srcset=\"https:\/\/occitaniecombi.fr\/wp-content\/uploads\/2024\/06\/AURELIE-CYRIL-08.06.24-1-1024x692.jpg 1024w, https:\/\/occitaniecombi.fr\/wp-content\/uploads\/2024\/06\/AURELIE-CYRIL-08.06.24-1-300x203.jpg 300w, https:\/\/occitaniecombi.fr\/wp-content\/uploads\/2024\/06\/AURELIE-CYRIL-08.06.24-1-768x519.jpg 768w, https:\/\/occitaniecombi.fr\/wp-content\/uploads\/2024\/06\/AURELIE-CYRIL-08.06.24-1-1536x1038.jpg 1536w, https:\/\/occitaniecombi.fr\/wp-content\/uploads\/2024\/06\/AURELIE-CYRIL-08.06.24-1.jpg 1850w\" sizes=\"(max-width: 1024px) 100vw, 1024px\" \/><\/a><\/figure>\n<\/div>\n\n\n<h5 class=\"wp-block-heading has-text-align-center has-text-color has-link-color wp-elements-92d530da11e29df42dffbe7f300e8c99\" style=\"color:#f20505\"><a href=\"https:\/\/fotoshare.co\/e\/o99C8bbpLIxnsWp8oaXsn\">Mariage Aur\u00e9lie &amp; Cyril 08.06.2024<\/a><\/h5>\n<\/div>\n<\/div>\n\n\n\n<div class=\"wp-block-columns is-layout-flex wp-container-core-columns-is-layout-9d6595d7 wp-block-columns-is-layout-flex\">\n<div class=\"wp-block-column is-layout-flow wp-block-column-is-layout-flow\"><div class=\"wp-block-image\">\n<figure class=\"aligncenter size-large is-resized\"><img decoding=\"async\" src=\"https:\/\/occitaniecombi.fr\/wp-content\/uploads\/2024\/06\/boutique-imparfaite-DF-14.03.24-683x1024.jpg\" alt=\"boutique imparfaite df montauban\" class=\"wp-image-3590\" style=\"width:276px;height:auto\"\/><\/figure>\n<\/div>\n\n\n<h5 class=\"wp-block-heading has-text-align-center\"><a href=\"https:\/\/fotoshare.co\/e\/oHFMvXoB9E07tQd5nbsh2\">Inauguration Boutique Imparfaite DF 14.03.24<\/a><\/h5>\n<\/div>\n\n\n\n<div class=\"wp-block-column is-layout-flow wp-block-column-is-layout-flow\"><div class=\"wp-block-image\">\n<figure class=\"aligncenter size-large is-resized\"><img loading=\"lazy\" decoding=\"async\" width=\"683\" height=\"1024\" src=\"https:\/\/occitaniecombi.fr\/wp-content\/uploads\/2024\/06\/20240203_160805_832-683x1024.jpg\" alt=\"2e edition salondu mariage au domaine de l'ASenon loupiac 12\" class=\"wp-image-3591\" style=\"width:281px;height:auto\" srcset=\"https:\/\/occitaniecombi.fr\/wp-content\/uploads\/2024\/06\/20240203_160805_832-683x1024.jpg 683w, https:\/\/occitaniecombi.fr\/wp-content\/uploads\/2024\/06\/20240203_160805_832-200x300.jpg 200w, https:\/\/occitaniecombi.fr\/wp-content\/uploads\/2024\/06\/20240203_160805_832-768x1152.jpg 768w, https:\/\/occitaniecombi.fr\/wp-content\/uploads\/2024\/06\/20240203_160805_832-1024x1536.jpg 1024w, https:\/\/occitaniecombi.fr\/wp-content\/uploads\/2024\/06\/20240203_160805_832.jpg 1200w\" sizes=\"(max-width: 683px) 100vw, 683px\" \/><\/figure>\n<\/div>\n\n\n<h5 class=\"wp-block-heading has-text-align-center\">2eme Edition salon du mariage <a href=\"https:\/\/fotoshare.co\/e\/oHFMvXoB9E07tQd5nbsh2\">Domaine de l&rsquo;Asenon <\/a><\/h5>\n<\/div>\n<\/div>\n\n\n\n<div class=\"wp-block-columns is-layout-flex wp-container-core-columns-is-layout-9d6595d7 wp-block-columns-is-layout-flex\">\n<div class=\"wp-block-column is-layout-flow wp-block-column-is-layout-flow\"><div class=\"wp-block-image\">\n<figure class=\"aligncenter size-large is-resized\"><img loading=\"lazy\" decoding=\"async\" width=\"683\" height=\"1024\" src=\"https:\/\/occitaniecombi.fr\/wp-content\/uploads\/2024\/06\/20240127_165858_586-683x1024.jpg\" alt=\"salon mon mariage montauban 2024\" class=\"wp-image-3593\" style=\"width:269px;height:auto\" srcset=\"https:\/\/occitaniecombi.fr\/wp-content\/uploads\/2024\/06\/20240127_165858_586-683x1024.jpg 683w, https:\/\/occitaniecombi.fr\/wp-content\/uploads\/2024\/06\/20240127_165858_586-200x300.jpg 200w, https:\/\/occitaniecombi.fr\/wp-content\/uploads\/2024\/06\/20240127_165858_586-768x1152.jpg 768w, https:\/\/occitaniecombi.fr\/wp-content\/uploads\/2024\/06\/20240127_165858_586-1024x1536.jpg 1024w, https:\/\/occitaniecombi.fr\/wp-content\/uploads\/2024\/06\/20240127_165858_586.jpg 1200w\" sizes=\"(max-width: 683px) 100vw, 683px\" \/><\/figure>\n<\/div>\n\n\n<h5 class=\"wp-block-heading has-text-align-center\">Forum mon mariage <a href=\"http:\/\/www.occitaniecombi.fr\" data-type=\"link\" data-id=\"www.occitaiecombi.fr\">Montauban 2024<\/a><\/h5>\n<\/div>\n\n\n\n<div class=\"wp-block-column is-layout-flow wp-block-column-is-layout-flow\">\n<figure class=\"wp-block-image size-large\"><img loading=\"lazy\" decoding=\"async\" width=\"1024\" height=\"683\" src=\"https:\/\/occitaniecombi.fr\/wp-content\/uploads\/2024\/06\/20240120_174052_731-1024x683.jpg\" alt=\"1er edition des noces imaginaires \u00e0 l'orangerie des demoiselle Frouzins 31\" class=\"wp-image-3594\" srcset=\"https:\/\/occitaniecombi.fr\/wp-content\/uploads\/2024\/06\/20240120_174052_731-1024x683.jpg 1024w, https:\/\/occitaniecombi.fr\/wp-content\/uploads\/2024\/06\/20240120_174052_731-300x200.jpg 300w, https:\/\/occitaniecombi.fr\/wp-content\/uploads\/2024\/06\/20240120_174052_731-768x512.jpg 768w, https:\/\/occitaniecombi.fr\/wp-content\/uploads\/2024\/06\/20240120_174052_731-1536x1024.jpg 1536w, https:\/\/occitaniecombi.fr\/wp-content\/uploads\/2024\/06\/20240120_174052_731.jpg 1800w\" sizes=\"(max-width: 1024px) 100vw, 1024px\" \/><\/figure>\n\n\n\n<h5 class=\"wp-block-heading has-text-align-center\">1er \u00e9dition Les Noces Imaginaires l&rsquo;Orangerie des Demoiselles<\/h5>\n<\/div>\n<\/div>\n","protected":false},"excerpt":{"rendered":"<p>Choisissez votre \u00e9v\u00e8nement et entr\u00e9e dans la galerie en ligne \u00e0 l&rsquo;aide du mot de passe qui vous a \u00e9t\u00e9 communiqu\u00e9 par mail. Avec le lien du site et le mot de passe libre \u00e0 vous de partager l&rsquo;acc\u00e8s \u00e0 la galerie en ligne avec tout vos invit\u00e9s. Vous pourrez \u00e9galement t\u00e9l\u00e9charger vos photos et [&hellip;]<\/p>\n","protected":false},"author":1,"featured_media":5595,"parent":0,"menu_order":0,"comment_status":"closed","ping_status":"closed","template":"","meta":{"saved_in_kubio":true,"om_disable_all_campaigns":false,"_monsterinsights_skip_tracking":false,"_monsterinsights_sitenote_active":false,"_monsterinsights_sitenote_note":"","_monsterinsights_sitenote_category":0,"_uf_show_specific_survey":0,"_uf_disable_surveys":false,"footnotes":""},"class_list":["post-3444","page","type-page","status-publish","has-post-thumbnail","hentry"],"aioseo_notices":[],"kubio_ai_page_context":{"short_desc":"","purpose":"general"},"yoast_head":"<!-- This site is optimized with the Yoast SEO plugin v27.4 - https:\/\/yoast.com\/product\/yoast-seo-wordpress\/ -->\n<title>Galerie Photos - OCCITANIE COMBI<\/title>\n<meta name=\"description\" content=\"T\u00e9l\u00e9chargez ici apr\u00e8s votre mariage, anniversaire , bapt\u00eame, ... les photos vid\u00e9os gift des animations photo booth et borne livre d&#039;or vid\u00e9o\" \/>\n<meta name=\"robots\" content=\"index, follow, max-snippet:-1, max-image-preview:large, max-video-preview:-1\" \/>\n<link rel=\"canonical\" href=\"https:\/\/occitaniecombi.fr\/index.php\/galerie-en-ligne-telechargez-ici-vos-photos-video-gif\/\" \/>\n<meta property=\"og:locale\" content=\"fr_FR\" \/>\n<meta property=\"og:type\" content=\"article\" \/>\n<meta property=\"og:title\" content=\"Galerie Photos - OCCITANIE COMBI\" \/>\n<meta property=\"og:description\" content=\"T\u00e9l\u00e9chargez ici apr\u00e8s votre mariage, anniversaire , bapt\u00eame, ... les photos vid\u00e9os gift des animations photo booth et borne livre d&#039;or vid\u00e9o\" \/>\n<meta property=\"og:url\" content=\"https:\/\/occitaniecombi.fr\/index.php\/galerie-en-ligne-telechargez-ici-vos-photos-video-gif\/\" \/>\n<meta property=\"og:site_name\" content=\"OCCITANIE COMBI\" \/>\n<meta property=\"article:publisher\" content=\"https:\/\/www.facebook.com\/OccitanieCombi\" \/>\n<meta property=\"article:modified_time\" content=\"2026-03-28T19:21:15+00:00\" \/>\n<meta property=\"og:image\" content=\"https:\/\/occitaniecombi.fr\/wp-content\/uploads\/2025\/04\/carnaval-des-nounous-2025.jpg\" \/>\n\t<meta property=\"og:image:width\" content=\"970\" \/>\n\t<meta property=\"og:image:height\" content=\"651\" \/>\n\t<meta property=\"og:image:type\" content=\"image\/jpeg\" \/>\n<meta name=\"twitter:card\" content=\"summary_large_image\" \/>\n<meta name=\"twitter:label1\" content=\"Dur\u00e9e de lecture estim\u00e9e\" \/>\n\t<meta name=\"twitter:data1\" content=\"6 minutes\" \/>\n<script type=\"application\/ld+json\" class=\"yoast-schema-graph\">{\"@context\":\"https:\\\/\\\/schema.org\",\"@graph\":[{\"@type\":\"WebPage\",\"@id\":\"https:\\\/\\\/occitaniecombi.fr\\\/index.php\\\/galerie-en-ligne-telechargez-ici-vos-photos-video-gif\\\/\",\"url\":\"https:\\\/\\\/occitaniecombi.fr\\\/index.php\\\/galerie-en-ligne-telechargez-ici-vos-photos-video-gif\\\/\",\"name\":\"Galerie Photos - OCCITANIE COMBI\",\"isPartOf\":{\"@id\":\"https:\\\/\\\/occitaniecombi.fr\\\/#website\"},\"primaryImageOfPage\":{\"@id\":\"https:\\\/\\\/occitaniecombi.fr\\\/index.php\\\/galerie-en-ligne-telechargez-ici-vos-photos-video-gif\\\/#primaryimage\"},\"image\":{\"@id\":\"https:\\\/\\\/occitaniecombi.fr\\\/index.php\\\/galerie-en-ligne-telechargez-ici-vos-photos-video-gif\\\/#primaryimage\"},\"thumbnailUrl\":\"https:\\\/\\\/occitaniecombi.fr\\\/wp-content\\\/uploads\\\/2026\\\/01\\\/BANNIERE-OCCITANIE-COMBI-4-scaled.png\",\"datePublished\":\"2024-06-13T14:04:21+00:00\",\"dateModified\":\"2026-03-28T19:21:15+00:00\",\"description\":\"T\u00e9l\u00e9chargez ici apr\u00e8s votre mariage, anniversaire , bapt\u00eame, ... les photos vid\u00e9os gift des animations photo booth et borne livre d'or vid\u00e9o\",\"breadcrumb\":{\"@id\":\"https:\\\/\\\/occitaniecombi.fr\\\/index.php\\\/galerie-en-ligne-telechargez-ici-vos-photos-video-gif\\\/#breadcrumb\"},\"inLanguage\":\"fr-FR\",\"potentialAction\":[{\"@type\":\"ReadAction\",\"target\":[\"https:\\\/\\\/occitaniecombi.fr\\\/index.php\\\/galerie-en-ligne-telechargez-ici-vos-photos-video-gif\\\/\"]}]},{\"@type\":\"ImageObject\",\"inLanguage\":\"fr-FR\",\"@id\":\"https:\\\/\\\/occitaniecombi.fr\\\/index.php\\\/galerie-en-ligne-telechargez-ici-vos-photos-video-gif\\\/#primaryimage\",\"url\":\"https:\\\/\\\/occitaniecombi.fr\\\/wp-content\\\/uploads\\\/2026\\\/01\\\/BANNIERE-OCCITANIE-COMBI-4-scaled.png\",\"contentUrl\":\"https:\\\/\\\/occitaniecombi.fr\\\/wp-content\\\/uploads\\\/2026\\\/01\\\/BANNIERE-OCCITANIE-COMBI-4-scaled.png\",\"width\":2560,\"height\":1280,\"caption\":\"occitanie combi livre d'or vid\u00e9o photobooth voiture en combi vw partout en occitanie mariage et \u00e9v\u00e8nementiel\"},{\"@type\":\"BreadcrumbList\",\"@id\":\"https:\\\/\\\/occitaniecombi.fr\\\/index.php\\\/galerie-en-ligne-telechargez-ici-vos-photos-video-gif\\\/#breadcrumb\",\"itemListElement\":[{\"@type\":\"ListItem\",\"position\":1,\"name\":\"Occitanie Combi Location\",\"item\":\"https:\\\/\\\/occitaniecombi.fr\\\/\"},{\"@type\":\"ListItem\",\"position\":2,\"name\":\"Galerie Photos\"}]},{\"@type\":\"WebSite\",\"@id\":\"https:\\\/\\\/occitaniecombi.fr\\\/#website\",\"url\":\"https:\\\/\\\/occitaniecombi.fr\\\/\",\"name\":\"Occitanie Combi\",\"description\":\"Location Ev\u00e8nementiel &amp; Mariage \",\"publisher\":{\"@id\":\"https:\\\/\\\/occitaniecombi.fr\\\/#organization\"},\"potentialAction\":[{\"@type\":\"SearchAction\",\"target\":{\"@type\":\"EntryPoint\",\"urlTemplate\":\"https:\\\/\\\/occitaniecombi.fr\\\/?s={search_term_string}\"},\"query-input\":{\"@type\":\"PropertyValueSpecification\",\"valueRequired\":true,\"valueName\":\"search_term_string\"}}],\"inLanguage\":\"fr-FR\"},{\"@type\":\"Organization\",\"@id\":\"https:\\\/\\\/occitaniecombi.fr\\\/#organization\",\"name\":\"Occitanie Combi\",\"url\":\"https:\\\/\\\/occitaniecombi.fr\\\/\",\"logo\":{\"@type\":\"ImageObject\",\"inLanguage\":\"fr-FR\",\"@id\":\"https:\\\/\\\/occitaniecombi.fr\\\/#\\\/schema\\\/logo\\\/image\\\/\",\"url\":\"https:\\\/\\\/occitaniecombi.fr\\\/wp-content\\\/uploads\\\/2024\\\/01\\\/logo-oc-BASE.png\",\"contentUrl\":\"https:\\\/\\\/occitaniecombi.fr\\\/wp-content\\\/uploads\\\/2024\\\/01\\\/logo-oc-BASE.png\",\"width\":1024,\"height\":768,\"caption\":\"Occitanie Combi\"},\"image\":{\"@id\":\"https:\\\/\\\/occitaniecombi.fr\\\/#\\\/schema\\\/logo\\\/image\\\/\"},\"sameAs\":[\"https:\\\/\\\/www.facebook.com\\\/OccitanieCombi\",\"https:\\\/\\\/www.instagram.com\\\/occitaniecombi\\\/\",\"https:\\\/\\\/www.mariages.net\\\/voiture-mariage\\\/occitanie-combi--e270663\"]}]}<\/script>\n<!-- \/ Yoast SEO plugin. -->","yoast_head_json":{"title":"Galerie Photos - OCCITANIE COMBI","description":"T\u00e9l\u00e9chargez ici apr\u00e8s votre mariage, anniversaire , bapt\u00eame, ... les photos vid\u00e9os gift des animations photo booth et borne livre d'or vid\u00e9o","robots":{"index":"index","follow":"follow","max-snippet":"max-snippet:-1","max-image-preview":"max-image-preview:large","max-video-preview":"max-video-preview:-1"},"canonical":"https:\/\/occitaniecombi.fr\/index.php\/galerie-en-ligne-telechargez-ici-vos-photos-video-gif\/","og_locale":"fr_FR","og_type":"article","og_title":"Galerie Photos - OCCITANIE COMBI","og_description":"T\u00e9l\u00e9chargez ici apr\u00e8s votre mariage, anniversaire , bapt\u00eame, ... les photos vid\u00e9os gift des animations photo booth et borne livre d'or vid\u00e9o","og_url":"https:\/\/occitaniecombi.fr\/index.php\/galerie-en-ligne-telechargez-ici-vos-photos-video-gif\/","og_site_name":"OCCITANIE COMBI","article_publisher":"https:\/\/www.facebook.com\/OccitanieCombi","article_modified_time":"2026-03-28T19:21:15+00:00","og_image":[{"width":970,"height":651,"url":"https:\/\/occitaniecombi.fr\/wp-content\/uploads\/2025\/04\/carnaval-des-nounous-2025.jpg","type":"image\/jpeg"}],"twitter_card":"summary_large_image","twitter_misc":{"Dur\u00e9e de lecture estim\u00e9e":"6 minutes"},"schema":{"@context":"https:\/\/schema.org","@graph":[{"@type":"WebPage","@id":"https:\/\/occitaniecombi.fr\/index.php\/galerie-en-ligne-telechargez-ici-vos-photos-video-gif\/","url":"https:\/\/occitaniecombi.fr\/index.php\/galerie-en-ligne-telechargez-ici-vos-photos-video-gif\/","name":"Galerie Photos - OCCITANIE COMBI","isPartOf":{"@id":"https:\/\/occitaniecombi.fr\/#website"},"primaryImageOfPage":{"@id":"https:\/\/occitaniecombi.fr\/index.php\/galerie-en-ligne-telechargez-ici-vos-photos-video-gif\/#primaryimage"},"image":{"@id":"https:\/\/occitaniecombi.fr\/index.php\/galerie-en-ligne-telechargez-ici-vos-photos-video-gif\/#primaryimage"},"thumbnailUrl":"https:\/\/occitaniecombi.fr\/wp-content\/uploads\/2026\/01\/BANNIERE-OCCITANIE-COMBI-4-scaled.png","datePublished":"2024-06-13T14:04:21+00:00","dateModified":"2026-03-28T19:21:15+00:00","description":"T\u00e9l\u00e9chargez ici apr\u00e8s votre mariage, anniversaire , bapt\u00eame, ... les photos vid\u00e9os gift des animations photo booth et borne livre d'or vid\u00e9o","breadcrumb":{"@id":"https:\/\/occitaniecombi.fr\/index.php\/galerie-en-ligne-telechargez-ici-vos-photos-video-gif\/#breadcrumb"},"inLanguage":"fr-FR","potentialAction":[{"@type":"ReadAction","target":["https:\/\/occitaniecombi.fr\/index.php\/galerie-en-ligne-telechargez-ici-vos-photos-video-gif\/"]}]},{"@type":"ImageObject","inLanguage":"fr-FR","@id":"https:\/\/occitaniecombi.fr\/index.php\/galerie-en-ligne-telechargez-ici-vos-photos-video-gif\/#primaryimage","url":"https:\/\/occitaniecombi.fr\/wp-content\/uploads\/2026\/01\/BANNIERE-OCCITANIE-COMBI-4-scaled.png","contentUrl":"https:\/\/occitaniecombi.fr\/wp-content\/uploads\/2026\/01\/BANNIERE-OCCITANIE-COMBI-4-scaled.png","width":2560,"height":1280,"caption":"occitanie combi livre d'or vid\u00e9o photobooth voiture en combi vw partout en occitanie mariage et \u00e9v\u00e8nementiel"},{"@type":"BreadcrumbList","@id":"https:\/\/occitaniecombi.fr\/index.php\/galerie-en-ligne-telechargez-ici-vos-photos-video-gif\/#breadcrumb","itemListElement":[{"@type":"ListItem","position":1,"name":"Occitanie Combi Location","item":"https:\/\/occitaniecombi.fr\/"},{"@type":"ListItem","position":2,"name":"Galerie Photos"}]},{"@type":"WebSite","@id":"https:\/\/occitaniecombi.fr\/#website","url":"https:\/\/occitaniecombi.fr\/","name":"Occitanie Combi","description":"Location Ev\u00e8nementiel &amp; Mariage ","publisher":{"@id":"https:\/\/occitaniecombi.fr\/#organization"},"potentialAction":[{"@type":"SearchAction","target":{"@type":"EntryPoint","urlTemplate":"https:\/\/occitaniecombi.fr\/?s={search_term_string}"},"query-input":{"@type":"PropertyValueSpecification","valueRequired":true,"valueName":"search_term_string"}}],"inLanguage":"fr-FR"},{"@type":"Organization","@id":"https:\/\/occitaniecombi.fr\/#organization","name":"Occitanie Combi","url":"https:\/\/occitaniecombi.fr\/","logo":{"@type":"ImageObject","inLanguage":"fr-FR","@id":"https:\/\/occitaniecombi.fr\/#\/schema\/logo\/image\/","url":"https:\/\/occitaniecombi.fr\/wp-content\/uploads\/2024\/01\/logo-oc-BASE.png","contentUrl":"https:\/\/occitaniecombi.fr\/wp-content\/uploads\/2024\/01\/logo-oc-BASE.png","width":1024,"height":768,"caption":"Occitanie Combi"},"image":{"@id":"https:\/\/occitaniecombi.fr\/#\/schema\/logo\/image\/"},"sameAs":["https:\/\/www.facebook.com\/OccitanieCombi","https:\/\/www.instagram.com\/occitaniecombi\/","https:\/\/www.mariages.net\/voiture-mariage\/occitanie-combi--e270663"]}]}},"_links":{"self":[{"href":"https:\/\/occitaniecombi.fr\/index.php\/wp-json\/wp\/v2\/pages\/3444","targetHints":{"allow":["GET"]}}],"collection":[{"href":"https:\/\/occitaniecombi.fr\/index.php\/wp-json\/wp\/v2\/pages"}],"about":[{"href":"https:\/\/occitaniecombi.fr\/index.php\/wp-json\/wp\/v2\/types\/page"}],"author":[{"embeddable":true,"href":"https:\/\/occitaniecombi.fr\/index.php\/wp-json\/wp\/v2\/users\/1"}],"replies":[{"embeddable":true,"href":"https:\/\/occitaniecombi.fr\/index.php\/wp-json\/wp\/v2\/comments?post=3444"}],"version-history":[{"count":205,"href":"https:\/\/occitaniecombi.fr\/index.php\/wp-json\/wp\/v2\/pages\/3444\/revisions"}],"predecessor-version":[{"id":5989,"href":"https:\/\/occitaniecombi.fr\/index.php\/wp-json\/wp\/v2\/pages\/3444\/revisions\/5989"}],"wp:featuredmedia":[{"embeddable":true,"href":"https:\/\/occitaniecombi.fr\/index.php\/wp-json\/wp\/v2\/media\/5595"}],"wp:attachment":[{"href":"https:\/\/occitaniecombi.fr\/index.php\/wp-json\/wp\/v2\/media?parent=3444"}],"curies":[{"name":"wp","href":"https:\/\/api.w.org\/{rel}","templated":true}]}}